{"id":249,"date":"2017-03-06T13:44:32","date_gmt":"2017-03-06T12:44:32","guid":{"rendered":"http:\/\/www.fededonbosco.org\/villena\/?page_id=249"},"modified":"2021-09-28T09:35:03","modified_gmt":"2021-09-28T08:35:03","slug":"preju","status":"publish","type":"page","link":"https:\/\/www.fededonbosco.org\/villena\/preju\/","title":{"rendered":"Preju"},"content":{"rendered":"<div id=\"fb-root\"><\/div>\n<p>[et_pb_section fb_built=\u00bb1&#8243; inner_shadow=\u00bbon\u00bb fullwidth=\u00bbon\u00bb admin_label=\u00bbsection\u00bb _builder_version=\u00bb3.22&#8243; custom_padding=\u00bb0px|0px|0px|0px\u00bb global_colors_info=\u00bb{}\u00bb][et_pb_fullwidth_header title=\u00bbPreju\u00bb subhead=\u00bbVen y ver\u00e1s\u00bb text_orientation=\u00bbright\u00bb header_image_url=\u00bbhttp:\/\/www.fededonbosco.org\/villena\/wp-content\/uploads\/sites\/4\/2018\/10\/WhatsApp-Image-2017-03-18-at-22.48.25-300&#215;225.jpg\u00bb _builder_version=\u00bb4.0.4&#8243; title_font=\u00bbLato|700|||||||\u00bb title_text_color=\u00bb#ffffff\u00bb title_font_size=\u00bb65px\u00bb content_font=\u00bbOpen Sans||||\u00bb subhead_font=\u00bbHandlee||||||||\u00bb subhead_text_color=\u00bb#64197f\u00bb subhead_font_size=\u00bb30px\u00bb background_color=\u00bbrgba(255,255,255,0)\u00bb background_image=\u00bbhttp:\/\/www.fededonbosco.org\/villena\/nuevavillena\/wp-content\/uploads\/sites\/4\/2018\/02\/web-fede-cabecera-centros-1.jpg\u00bb background_blend=\u00bbdarken\u00bb child_filter_opacity=\u00bb69%\u00bb title_font_size_tablet=\u00bb\u00bb title_font_size_phone=\u00bb50px\u00bb title_font_size_last_edited=\u00bbon|phone\u00bb subhead_font_size_tablet=\u00bb\u00bb subhead_font_size_phone=\u00bb25px\u00bb subhead_font_size_last_edited=\u00bbon|phone\u00bb title_text_shadow_style=\u00bbpreset2&#8243; title_text_shadow_color=\u00bb#64197f\u00bb global_colors_info=\u00bb{}\u00bb button_one_text_size__hover_enabled=\u00bboff\u00bb button_two_text_size__hover_enabled=\u00bboff\u00bb button_one_text_color__hover_enabled=\u00bboff\u00bb button_two_text_color__hover_enabled=\u00bboff\u00bb button_one_border_width__hover_enabled=\u00bboff\u00bb button_two_border_width__hover_enabled=\u00bboff\u00bb button_one_border_color__hover_enabled=\u00bboff\u00bb button_two_border_color__hover_enabled=\u00bboff\u00bb button_one_border_radius__hover_enabled=\u00bboff\u00bb button_two_border_radius__hover_enabled=\u00bboff\u00bb button_one_letter_spacing__hover_enabled=\u00bboff\u00bb button_two_letter_spacing__hover_enabled=\u00bboff\u00bb button_one_bg_color__hover_enabled=\u00bboff\u00bb button_two_bg_color__hover_enabled=\u00bboff\u00bb][\/et_pb_fullwidth_header][\/et_pb_section][et_pb_section fb_built=\u00bb1&#8243; admin_label=\u00bbsection\u00bb _builder_version=\u00bb3.22&#8243; custom_padding=\u00bb0px|0px|0px|0px\u00bb global_colors_info=\u00bb{}\u00bb][et_pb_row _builder_version=\u00bb3.25&#8243; background_size=\u00bbinitial\u00bb background_position=\u00bbtop_left\u00bb background_repeat=\u00bbrepeat\u00bb custom_padding=\u00bb0|0px|0|0px|false|false\u00bb global_colors_info=\u00bb{}\u00bb][et_pb_column type=\u00bb4_4&#8243; _builder_version=\u00bb3.25&#8243; custom_padding=\u00bb|||\u00bb global_colors_info=\u00bb{}\u00bb custom_padding__hover=\u00bb|||\u00bb][et_pb_text _builder_version=\u00bb4.0.4&#8243; custom_margin=\u00bb20px||10px|\u00bb global_colors_info=\u00bb{}\u00bb]<\/p>\n<h2><img loading=\"lazy\" decoding=\"async\" class=\"wp-image-6182 alignnone size-full\" src=\"http:\/\/www.fededonbosco.org\/villena\/wp-content\/uploads\/sites\/4\/2018\/10\/logocjdb-1-1.png\" alt=\"\" width=\"34\" height=\"26\" srcset=\"https:\/\/www.fededonbosco.org\/villena\/wp-content\/uploads\/sites\/4\/2018\/10\/logocjdb-1-1.png 400w, https:\/\/www.fededonbosco.org\/villena\/wp-content\/uploads\/sites\/4\/2018\/10\/logocjdb-1-1-300x231.png 300w\" sizes=\"(max-width: 34px) 100vw, 34px\" \/> <strong><span style=\"color: #636a70\">Sector Preju<\/span><\/strong><\/h2>\n<p style=\"text-align: justify\">El <strong>proyecto local para la calidad infantil<\/strong>, m\u00e1s conocido como <strong>Prejuvenil o Preju<\/strong> est\u00e1 destinado a los ni\u00f1os y ni\u00f1as entre 9 y 13 a\u00f1os (<strong>4\u00ba primaria a 1\u00baESO<\/strong>).<\/p>\n<p>En \u00e9l, tratamos de facilitar un momento y un lugar en el que los ni\u00f1os y ni\u00f1as compartan su tiempo libre y convivan en amistad con otros ni\u00f1@s de su edad, a la vez que aprenden de todas y cada una de las actividades realizadas por los animadores y animadoras.<\/p>\n<p>Prejuvenil cuenta con<strong> alrededor de 335 socios<\/strong>, que se dividen en otros dos sectores para facilitar el funcionamiento y ofrecer actividades concretas seg\u00fan las edades de los destinatarios. Estos sectores son:<\/p>\n<p>[\/et_pb_text][\/et_pb_column][\/et_pb_row][et_pb_row column_structure=\u00bb1_2,1_2&#8243; _builder_version=\u00bb3.25&#8243; custom_padding=\u00bb0|4px|27px|0px|false|false\u00bb global_colors_info=\u00bb{}\u00bb][et_pb_column type=\u00bb1_2&#8243; _builder_version=\u00bb3.25&#8243; custom_padding=\u00bb|||\u00bb global_colors_info=\u00bb{}\u00bb custom_padding__hover=\u00bb|||\u00bb][et_pb_text _builder_version=\u00bb3.27.4&#8243; text_font=\u00bbPinyon Script|600|||||||\u00bb text_text_color=\u00bb#690075&#8243; header_2_font=\u00bb||||||||\u00bb header_2_text_color=\u00bb#04ac8b\u00bb custom_margin=\u00bb0px||2px|\u00bb text_text_shadow_style=\u00bbpreset2&#8243; border_color_all=\u00bbrgba(53,104,153,0)\u00bb border_width_left=\u00bb9px\u00bb border_color_left=\u00bb#7d8c99&#8243; border_style_left=\u00bbnone\u00bb inline_fonts=\u00bbAlfa Slab One\u00bb global_colors_info=\u00bb{}\u00bb]<\/p>\n<h2><strong><span style=\"font-family: 'Alfa Slab One';font-weight: normal\">PREJU 1<\/span><\/strong><\/h2>\n<p>[\/et_pb_text][et_pb_text _builder_version=\u00bb3.27.4&#8243; global_colors_info=\u00bb{}\u00bb]<\/p>\n<p style=\"text-align: justify\">Actualmente cuenta con alrededor de <strong>150 socios de 4\u00ba y 5\u00ba de primaria<\/strong>, que disfrutan de<strong> 17:00 a 19:30<\/strong> de un espacio en el que jugar y disfrutar, fomentando con cada juego valores tan importantes como el trabajo en equipo, la competitividad sana, entre otros<\/p>\n<p style=\"text-align: justify\">Algunas actividades que los m\u00e1s peques pueden disfrutar son acampadas, masterchef, gymkanas &#8230; Adem\u00e1s de una actividad estrella <strong>\u00abFOCO\u00bb,\u00a0<\/strong>con la que los peques disfrutan del arte en formas variadas.<\/p>\n<p>[\/et_pb_text][et_pb_gallery gallery_ids=\u00bb6364,6365,6366,6367,6368,6369,6370&#8243; fullwidth=\u00bbon\u00bb _builder_version=\u00bb3.15&#8243; global_colors_info=\u00bb{}\u00bb][\/et_pb_gallery][\/et_pb_column][et_pb_column type=\u00bb1_2&#8243; _builder_version=\u00bb3.25&#8243; custom_padding=\u00bb|||\u00bb global_colors_info=\u00bb{}\u00bb custom_padding__hover=\u00bb|||\u00bb][et_pb_text _builder_version=\u00bb3.27.4&#8243; text_font=\u00bbPinyon Script|600|||||||\u00bb text_text_color=\u00bb#690075&#8243; header_2_font=\u00bb||||||||\u00bb header_2_text_color=\u00bb#edde0f\u00bb custom_margin=\u00bb0px||2px|\u00bb text_text_shadow_style=\u00bbpreset2&#8243; border_color_all=\u00bbrgba(53,104,153,0)\u00bb border_width_left=\u00bb9px\u00bb border_color_left=\u00bb#7d8c99&#8243; border_style_left=\u00bbnone\u00bb inline_fonts=\u00bbAlfa Slab One\u00bb global_colors_info=\u00bb{}\u00bb]<\/p>\n<h2><strong><span style=\"font-family: 'Alfa Slab One';font-weight: normal\">PREJU 2<\/span><\/strong><\/h2>\n<p>[\/et_pb_text][et_pb_text _builder_version=\u00bb4.0.4&#8243; global_colors_info=\u00bb{}\u00bb]<\/p>\n<p style=\"text-align: justify\">Con alrededor de<strong> 185 socios de 6\u00ba de primaria y 1\u00ba de ESO<\/strong>, todos los s\u00e1bados, entre las <strong>17:00 y las 19:30<\/strong> el CJDB ofrece numerosas actividades a estos destinatarios (ferias, gymkanas, fiestas\u2026), as\u00ed como momentos de grupo en el que, a trav\u00e9s de din\u00e1micas, se tratan temas como la familia, la amistad, etc.<\/p>\n<p style=\"text-align: justify\">Adem\u00e1s, durante el curso, se les ofrece actividades en las acampadas o talleres como la muestra art\u00edstica aprendiendo de las distintas formas del arte, taller friki y coro.<\/p>\n<p>[\/et_pb_text][et_pb_gallery gallery_ids=\u00bb6377,6378,7006,7007,7008,7009,7010,7011&#8243; fullwidth=\u00bbon\u00bb _builder_version=\u00bb4.0.4&#8243; max_width=\u00bb83%\u00bb custom_margin=\u00bb|||25px\u00bb global_colors_info=\u00bb{}\u00bb][\/et_pb_gallery][\/et_pb_column][\/et_pb_row][\/et_pb_section]<\/p>\n\n<div class=\"twitter-share\"><a href=\"https:\/\/twitter.com\/intent\/tweet?via=CJDB_Villena\" class=\"twitter-share-button\">Twittear<\/a><\/div>\n","protected":false},"excerpt":{"rendered":"<p>Sector Preju El proyecto local para la calidad infantil, m\u00e1s conocido como Prejuvenil o Preju est\u00e1 destinado a los ni\u00f1os y ni\u00f1as entre 9 y 13 a\u00f1os (4\u00ba primaria a 1\u00baESO). En \u00e9l, tratamos de facilitar un momento y un lugar en el que los ni\u00f1os y ni\u00f1as compartan su tiempo libre y convivan en [&hellip;]<\/p>\n","protected":false},"author":8,"featured_media":0,"parent":0,"menu_order":0,"comment_status":"closed","ping_status":"closed","template":"","meta":{"_et_pb_use_builder":"on","_et_pb_old_content":"","_et_gb_content_width":"","footnotes":""},"class_list":["post-249","page","type-page","status-publish","hentry"],"yoast_head":"<!-- This site is optimized with the Yoast SEO plugin v27.4 - https:\/\/yoast.com\/product\/yoast-seo-wordpress\/ -->\n<title>Sector Preju Centro Juvenil Don Bosco Villena<\/title>\n<meta name=\"robots\" content=\"index, follow, max-snippet:-1, max-image-preview:large, max-video-preview:-1\" \/>\n<link rel=\"canonical\" href=\"https:\/\/www.fededonbosco.org\/villena\/preju\/\" \/>\n<meta property=\"og:locale\" content=\"es_ES\" \/>\n<meta property=\"og:type\" content=\"article\" \/>\n<meta property=\"og:title\" content=\"Sector Preju Centro Juvenil Don Bosco Villena\" \/>\n<meta property=\"og:description\" content=\"Sector Preju El proyecto local para la calidad infantil, m\u00e1s conocido como Prejuvenil o Preju est\u00e1 destinado a los ni\u00f1os y ni\u00f1as entre 9 y 13 a\u00f1os (4\u00ba primaria a 1\u00baESO). En \u00e9l, tratamos de facilitar un momento y un lugar en el que los ni\u00f1os y ni\u00f1as compartan su tiempo libre y convivan en [&hellip;]\" \/>\n<meta property=\"og:url\" content=\"https:\/\/www.fededonbosco.org\/villena\/preju\/\" \/>\n<meta property=\"og:site_name\" content=\"Centro Juvenil Don Bosco Villena\" \/>\n<meta property=\"article:modified_time\" content=\"2021-09-28T08:35:03+00:00\" \/>\n<meta property=\"og:image\" content=\"http:\/\/www.fededonbosco.org\/villena\/wp-content\/uploads\/sites\/4\/2018\/10\/logocjdb-1-1.png\" \/>\n<meta name=\"twitter:card\" content=\"summary_large_image\" \/>\n<meta name=\"twitter:label1\" content=\"Tiempo de lectura\" \/>\n\t<meta name=\"twitter:data1\" content=\"4 minutos\" \/>\n<script type=\"application\/ld+json\" class=\"yoast-schema-graph\">{\"@context\":\"https:\\\/\\\/schema.org\",\"@graph\":[{\"@type\":\"WebPage\",\"@id\":\"https:\\\/\\\/www.fededonbosco.org\\\/villena\\\/preju\\\/\",\"url\":\"https:\\\/\\\/www.fededonbosco.org\\\/villena\\\/preju\\\/\",\"name\":\"Sector Preju Centro Juvenil Don Bosco Villena\",\"isPartOf\":{\"@id\":\"https:\\\/\\\/www.fededonbosco.org\\\/villena\\\/#website\"},\"primaryImageOfPage\":{\"@id\":\"https:\\\/\\\/www.fededonbosco.org\\\/villena\\\/preju\\\/#primaryimage\"},\"image\":{\"@id\":\"https:\\\/\\\/www.fededonbosco.org\\\/villena\\\/preju\\\/#primaryimage\"},\"thumbnailUrl\":\"http:\\\/\\\/www.fededonbosco.org\\\/villena\\\/wp-content\\\/uploads\\\/sites\\\/4\\\/2018\\\/10\\\/logocjdb-1-1.png\",\"datePublished\":\"2017-03-06T12:44:32+00:00\",\"dateModified\":\"2021-09-28T08:35:03+00:00\",\"breadcrumb\":{\"@id\":\"https:\\\/\\\/www.fededonbosco.org\\\/villena\\\/preju\\\/#breadcrumb\"},\"inLanguage\":\"es\",\"potentialAction\":[{\"@type\":\"ReadAction\",\"target\":[\"https:\\\/\\\/www.fededonbosco.org\\\/villena\\\/preju\\\/\"]}]},{\"@type\":\"ImageObject\",\"inLanguage\":\"es\",\"@id\":\"https:\\\/\\\/www.fededonbosco.org\\\/villena\\\/preju\\\/#primaryimage\",\"url\":\"https:\\\/\\\/www.fededonbosco.org\\\/villena\\\/wp-content\\\/uploads\\\/sites\\\/4\\\/2018\\\/10\\\/logocjdb-1-1.png\",\"contentUrl\":\"https:\\\/\\\/www.fededonbosco.org\\\/villena\\\/wp-content\\\/uploads\\\/sites\\\/4\\\/2018\\\/10\\\/logocjdb-1-1.png\",\"width\":400,\"height\":308},{\"@type\":\"BreadcrumbList\",\"@id\":\"https:\\\/\\\/www.fededonbosco.org\\\/villena\\\/preju\\\/#breadcrumb\",\"itemListElement\":[{\"@type\":\"ListItem\",\"position\":1,\"name\":\"Portada\",\"item\":\"https:\\\/\\\/www.fededonbosco.org\\\/villena\\\/\"},{\"@type\":\"ListItem\",\"position\":2,\"name\":\"Preju\"}]},{\"@type\":\"WebSite\",\"@id\":\"https:\\\/\\\/www.fededonbosco.org\\\/villena\\\/#website\",\"url\":\"https:\\\/\\\/www.fededonbosco.org\\\/villena\\\/\",\"name\":\"Centro Juvenil Don Bosco Villena\",\"description\":\"Pagina oficial del Centro Juvenil Don Bosco\",\"potentialAction\":[{\"@type\":\"SearchAction\",\"target\":{\"@type\":\"EntryPoint\",\"urlTemplate\":\"https:\\\/\\\/www.fededonbosco.org\\\/villena\\\/?s={search_term_string}\"},\"query-input\":{\"@type\":\"PropertyValueSpecification\",\"valueRequired\":true,\"valueName\":\"search_term_string\"}}],\"inLanguage\":\"es\"}]}<\/script>\n<!-- \/ Yoast SEO plugin. -->","yoast_head_json":{"title":"Sector Preju Centro Juvenil Don Bosco Villena","robots":{"index":"index","follow":"follow","max-snippet":"max-snippet:-1","max-image-preview":"max-image-preview:large","max-video-preview":"max-video-preview:-1"},"canonical":"https:\/\/www.fededonbosco.org\/villena\/preju\/","og_locale":"es_ES","og_type":"article","og_title":"Sector Preju Centro Juvenil Don Bosco Villena","og_description":"Sector Preju El proyecto local para la calidad infantil, m\u00e1s conocido como Prejuvenil o Preju est\u00e1 destinado a los ni\u00f1os y ni\u00f1as entre 9 y 13 a\u00f1os (4\u00ba primaria a 1\u00baESO). En \u00e9l, tratamos de facilitar un momento y un lugar en el que los ni\u00f1os y ni\u00f1as compartan su tiempo libre y convivan en [&hellip;]","og_url":"https:\/\/www.fededonbosco.org\/villena\/preju\/","og_site_name":"Centro Juvenil Don Bosco Villena","article_modified_time":"2021-09-28T08:35:03+00:00","og_image":[{"url":"http:\/\/www.fededonbosco.org\/villena\/wp-content\/uploads\/sites\/4\/2018\/10\/logocjdb-1-1.png","type":"","width":"","height":""}],"twitter_card":"summary_large_image","twitter_misc":{"Tiempo de lectura":"4 minutos"},"schema":{"@context":"https:\/\/schema.org","@graph":[{"@type":"WebPage","@id":"https:\/\/www.fededonbosco.org\/villena\/preju\/","url":"https:\/\/www.fededonbosco.org\/villena\/preju\/","name":"Sector Preju Centro Juvenil Don Bosco Villena","isPartOf":{"@id":"https:\/\/www.fededonbosco.org\/villena\/#website"},"primaryImageOfPage":{"@id":"https:\/\/www.fededonbosco.org\/villena\/preju\/#primaryimage"},"image":{"@id":"https:\/\/www.fededonbosco.org\/villena\/preju\/#primaryimage"},"thumbnailUrl":"http:\/\/www.fededonbosco.org\/villena\/wp-content\/uploads\/sites\/4\/2018\/10\/logocjdb-1-1.png","datePublished":"2017-03-06T12:44:32+00:00","dateModified":"2021-09-28T08:35:03+00:00","breadcrumb":{"@id":"https:\/\/www.fededonbosco.org\/villena\/preju\/#breadcrumb"},"inLanguage":"es","potentialAction":[{"@type":"ReadAction","target":["https:\/\/www.fededonbosco.org\/villena\/preju\/"]}]},{"@type":"ImageObject","inLanguage":"es","@id":"https:\/\/www.fededonbosco.org\/villena\/preju\/#primaryimage","url":"https:\/\/www.fededonbosco.org\/villena\/wp-content\/uploads\/sites\/4\/2018\/10\/logocjdb-1-1.png","contentUrl":"https:\/\/www.fededonbosco.org\/villena\/wp-content\/uploads\/sites\/4\/2018\/10\/logocjdb-1-1.png","width":400,"height":308},{"@type":"BreadcrumbList","@id":"https:\/\/www.fededonbosco.org\/villena\/preju\/#breadcrumb","itemListElement":[{"@type":"ListItem","position":1,"name":"Portada","item":"https:\/\/www.fededonbosco.org\/villena\/"},{"@type":"ListItem","position":2,"name":"Preju"}]},{"@type":"WebSite","@id":"https:\/\/www.fededonbosco.org\/villena\/#website","url":"https:\/\/www.fededonbosco.org\/villena\/","name":"Centro Juvenil Don Bosco Villena","description":"Pagina oficial del Centro Juvenil Don Bosco","potentialAction":[{"@type":"SearchAction","target":{"@type":"EntryPoint","urlTemplate":"https:\/\/www.fededonbosco.org\/villena\/?s={search_term_string}"},"query-input":{"@type":"PropertyValueSpecification","valueRequired":true,"valueName":"search_term_string"}}],"inLanguage":"es"}]}},"_links":{"self":[{"href":"https:\/\/www.fededonbosco.org\/villena\/wp-json\/wp\/v2\/pages\/249","targetHints":{"allow":["GET"]}}],"collection":[{"href":"https:\/\/www.fededonbosco.org\/villena\/wp-json\/wp\/v2\/pages"}],"about":[{"href":"https:\/\/www.fededonbosco.org\/villena\/wp-json\/wp\/v2\/types\/page"}],"author":[{"embeddable":true,"href":"https:\/\/www.fededonbosco.org\/villena\/wp-json\/wp\/v2\/users\/8"}],"replies":[{"embeddable":true,"href":"https:\/\/www.fededonbosco.org\/villena\/wp-json\/wp\/v2\/comments?post=249"}],"version-history":[{"count":69,"href":"https:\/\/www.fededonbosco.org\/villena\/wp-json\/wp\/v2\/pages\/249\/revisions"}],"predecessor-version":[{"id":7346,"href":"https:\/\/www.fededonbosco.org\/villena\/wp-json\/wp\/v2\/pages\/249\/revisions\/7346"}],"wp:attachment":[{"href":"https:\/\/www.fededonbosco.org\/villena\/wp-json\/wp\/v2\/media?parent=249"}],"curies":[{"name":"wp","href":"https:\/\/api.w.org\/{rel}","templated":true}]}}