{"id":370,"date":"2017-03-15T16:06:42","date_gmt":"2017-03-15T15:06:42","guid":{"rendered":"http:\/\/www.fededonbosco.org\/villena\/?page_id=370"},"modified":"2018-06-05T11:43:32","modified_gmt":"2018-06-05T10:43:32","slug":"politica-de-privacidad","status":"publish","type":"page","link":"https:\/\/www.fededonbosco.org\/villena\/politica-de-privacidad\/","title":{"rendered":"Pol\u00edtica de Privacidad"},"content":{"rendered":"<div id=\"fb-root\"><\/div>\n<p>[et_pb_section fb_built=\u00bb1&#8243; fullwidth=\u00bbon\u00bb _builder_version=\u00bb3.0.98&#8243; custom_padding=\u00bb0px|0px|0px|0px\u00bb][et_pb_fullwidth_header title=\u00bbPol\u00edtica de Privacidad\u00bb background_overlay_color=\u00bbrgba(178,178,178,0)\u00bb module_class=\u00bbpagina-imagen-cabecera\u00bb _builder_version=\u00bb3.0.105&#8243; title_font=\u00bb||||||||\u00bb title_text_color=\u00bb#d1323a\u00bb title_text_shadow_style=\u00bbpreset2&#8243; title_text_shadow_horizontal_length=\u00bb0.05em\u00bb title_text_shadow_vertical_length=\u00bb0.05em\u00bb background_image=\u00bbhttp:\/\/www.fededonbosco.org\/villena\/nuevavillena\/wp-content\/uploads\/sites\/4\/2018\/03\/cabeceraOK1280x250-1.jpg\u00bb background_position=\u00bbbottom_center\u00bb][\/et_pb_fullwidth_header][\/et_pb_section][et_pb_section fb_built=\u00bb1&#8243; admin_label=\u00bbsection\u00bb _builder_version=\u00bb3.0.47&#8243;][et_pb_row admin_label=\u00bbrow\u00bb _builder_version=\u00bb3.0.47&#8243; background_size=\u00bbinitial\u00bb background_position=\u00bbtop_left\u00bb background_repeat=\u00bbrepeat\u00bb][et_pb_column type=\u00bb4_4&#8243; _builder_version=\u00bb3.0.47&#8243; parallax=\u00bboff\u00bb parallax_method=\u00bbon\u00bb][et_pb_text _builder_version=\u00bb3.0.47&#8243; background_size=\u00bbinitial\u00bb background_position=\u00bbtop_left\u00bb background_repeat=\u00bbrepeat\u00bb]<\/p>\n<header class=\"entry-header\">\n<h1 class=\"entry-title\">Pol\u00edtica de Privacidad<\/h1>\n<\/header>\n<p>&nbsp;<\/p>\n<h3>I. Informaci\u00f3n en cumplimiento de lo establecido en la Ley 34\/2002, de 11 de julio, de Servicios de la Sociedad de la Informaci\u00f3n y de Comercio Electr\u00f3nico\u00a0<\/h3>\n<hr \/>\n<p>\u00a0<span style=\"font-size: 14px; text-align: justify;\">En cumplimiento de lo establecido en el art\u00edculo 10 de la Ley 34\/2002, de 11 de julio, de Servicios de la Sociedad de la Informaci\u00f3n y de Comercio Electr\u00f3nico (en adelante, LSSI-CE), se informa de modo expreso, preciso e inequ\u00edvoco, tanto a las personas destinatarias del servicio como a los \u00f3rganos competentes, de los siguientes aspectos relativos al prestador de servicios de la sociedad de la informaci\u00f3n:<\/span><\/p>\n<p style=\"padding-left: 60px;\">\u00a0<span style=\"font-size: 14px;\">Federaci\u00f3n de Centros Juveniles Don Bosco de la Comunidad Valenciana<\/span><\/p>\n<p style=\"padding-left: 60px;\">G46569133<br \/> Asociaci\u00f3n sin \u00e1nimo de lucro<br \/> Av. Primado Reig, 6<br \/> 46009 Valencia<br \/> 963 66 17 89<br \/> federacion@don-bosco.org<br \/> www.fededonbosco.org<\/p>\n<p>\u00a0<span style=\"font-size: 14px;\">\u00a0<\/span><\/p>\n<h3>II. Informaci\u00f3n en cumplimiento de la normativa de Protecci\u00f3n de Datos Personales<\/h3>\n<hr \/>\n<p>\u00a0<span style=\"font-size: 14px;\">En Europa y en Espa\u00f1a existen normas de protecci\u00f3n de datos pensadas para proteger su informaci\u00f3n personal de obligado cumplimiento para nuestra entidad. Por ello, es muy importante para nosotros que entienda perfectamente qu\u00e9 vamos a hacer con los datos personales que le pedimos. As\u00ed, seremos transparentes y le daremos el control de sus datos, con un lenguaje sencillo y opciones claras que le permitir\u00e1n decidir qu\u00e9 haremos con su informaci\u00f3n personal.<\/span><\/p>\n<p>\u00a0<span style=\"font-size: 14px;\">Por favor, si una vez le\u00edda la presente informaci\u00f3n le queda alguna duda, no dude en preguntarnos.<\/span><\/p>\n<p>\u00a0<span style=\"font-size: 14px;\">Muchas gracias por su colaboraci\u00f3n.<\/span><\/p>\n<p>\u00a0<span style=\"color: #d13239; font-family: Montserrat, Helvetica, Arial, Lucida, sans-serif; font-size: 18px;\">1. Contacte con nuestro delegado de protecci\u00f3n de datos<\/span><\/p>\n<p><span style=\"font-size: 14px;\">\u00bfSabe que en nuestra entidad contamos con un delegado de protecci\u00f3n de datos al cual puede enviar todas sus reclamaciones, dudas y sugerencias sobre el uso de su informaci\u00f3n personal?<\/span><\/p>\n<p><span style=\"font-size: 14px;\">Nuestro delegado de protecci\u00f3n de datos se llama AUDIDAT y \u00e9stos son sus datos de contacto:<\/span><\/p>\n<p style=\"padding-left: 30px;\">o Tel\u00e9fono de contacto: 96 131 88 04<br \/>o Direcci\u00f3n de correo electr\u00f3nico de contacto: info.valencia@audidat.com<br \/>o P\u00e1gina web: <a href=\"https:\/\/www.audidatvalencia.com\/\">www.audidatvalencia.com<\/a><\/p>\n<p>\u00a0<span style=\"color: #d13239; font-family: Montserrat, Helvetica, Arial, Lucida, sans-serif; font-size: 18px;\">2. \u00bfPara qu\u00e9 vamos a usar sus datos?<\/span><\/p>\n<p><span style=\"font-size: 14px;\">Con car\u00e1cter general, sus datos personales ser\u00e1n usados para poder relacionarnos con usted, poder prestarle nuestros servicios y atender las solucitudes que nos ha realizado por medio de los formularios de nuestra web.<\/span><\/p>\n<p><span style=\"font-size: 14px;\">Asimismo, tambi\u00e9n pueden ser usados para otras actividades, como enviarle publicidad o promocionar nuestras actividades.<\/span><\/p>\n<p><span style=\"color: #d13239; font-family: Montserrat, Helvetica, Arial, Lucida, sans-serif; font-size: 18px;\">3. \u00bfPor qu\u00e9 necesitamos usar sus datos?<\/span><\/p>\n<p><span style=\"font-size: 14px;\">Sus datos personales son necesarios para poder relacionarnos con usted y poder prestarle nuestros servicios, lo que nos permite el uso de su informaci\u00f3n dentro de la legalidad.<\/span><\/p>\n<p><span style=\"font-size: 14px;\">No obstante, hay determinadas situaciones en las cuales necesitaremos su permiso previo para poder realizar determinadas actividades, como poder enviarle publicidad o publicar su imagen en Internet. Para ello, pondremos a su disposici\u00f3n una serie de casillas que le permitir\u00e1n decidir de manera clara y sencilla sobre el uso de su informaci\u00f3n personal.<\/span><\/p>\n<p><span style=\"color: #d13239; font-family: Montserrat, Helvetica, Arial, Lucida, sans-serif; font-size: 18px;\">4. \u00bfQui\u00e9n va a conocer la informaci\u00f3n que le pedimos?<\/span><\/p>\n<p>Con car\u00e1cter general, s\u00f3lo el personal de nuestra entidad que est\u00e9 debidamente autorizado podr\u00e1 tener conocimiento de la informaci\u00f3n que le pedimos.<\/p>\n<p><span style=\"font-size: 14px;\">De igual modo, podr\u00e1n tener conocimiento de su informaci\u00f3n personal aquellas entidades que necesiten tener acceso a la misma para que podamos prestarle nuestros servicios. As\u00ed por ejemplo, nuestro banco conocer\u00e1 sus datos si el pago de nuestros servicios se realiza mediante tarjeta o transferencia bancaria.<\/span><\/p>\n<p><span style=\"font-size: 14px;\">Asimismo, tendr\u00e1n conocimiento de su informaci\u00f3n aquellas entidades p\u00fablicas o privadas a las cuales estemos obligados a facilitar sus datos personales con motivo del cumplimiento de alguna ley. Poni\u00e9ndole un ejemplo, la Ley Tributaria obliga a facilitar a la Agencia Tributaria determinada informaci\u00f3n sobre operaciones econ\u00f3micas que superen una determinada cantidad.<\/span><\/p>\n<p>En el caso de que, al margen de los supuestos comentados, necesitemos dar a conocer su informaci\u00f3n personal a otras entidades, le solicitaremos previamente su permiso a trav\u00e9s de opciones claras que le permitir\u00e1n decidir a este respecto.<\/p>\n<p><span style=\"color: #d13239; font-family: Montserrat, Helvetica, Arial, Lucida, sans-serif; font-size: 18px;\">5. \u00bfC\u00f3mo vamos a proteger sus datos?<\/span><\/p>\n<p><span style=\"font-size: 14px;\">Protegeremos sus datos con medidas de seguridad eficaces en funci\u00f3n de los riesgos que conlleve el uso de su informaci\u00f3n.<\/span><\/p>\n<p><span style=\"font-size: 14px;\">Para ello, nuestra entidad ha aprobado una Pol\u00edtica de Protecci\u00f3n de Datos y se realizan controles y auditor\u00edas anuales para verificar que sus datos personales est\u00e1n seguros en todo momento.<\/span><\/p>\n<p><span style=\"color: #d13239; font-family: Montserrat, Helvetica, Arial, Lucida, sans-serif; font-size: 18px;\">6. \u00bfEnviaremos sus datos a otros pa\u00edses?<\/span><\/p>\n<p><span style=\"font-size: 14px;\">En el mundo hay pa\u00edses que son seguros para sus datos y otros que no lo son tanto. As\u00ed por ejemplo, la Uni\u00f3n Europea es un entorno seguro para sus datos. Nuestra pol\u00edtica es no enviar su informaci\u00f3n personal a ning\u00fan pa\u00eds que no sea seguro desde el punto de vista de la protecci\u00f3n de sus datos.<\/span><\/p>\n<p><span style=\"font-size: 14px;\">En el caso de que, con motivo de prestarle el servicio, sea imprescindible enviar sus datos a un pa\u00eds que no sea tan seguro como Espa\u00f1a, siempre le solicitaremos previamente su permiso y aplicaremos medidas de seguridad eficaces que reduzcan los riesgos del env\u00edo de su informaci\u00f3n personal a otro pa\u00eds.<\/span><\/p>\n<p><span style=\"color: #d13239; font-family: Montserrat, Helvetica, Arial, Lucida, sans-serif; font-size: 18px;\">7. \u00bfDurante cu\u00e1nto tiempo vamos a conservar sus datos?<\/span><\/p>\n<p><span style=\"font-size: 14px;\">Conservaremos sus datos durante nuestra relaci\u00f3n y mientras nos obliguen las leyes. Una vez finalizados los plazos legales aplicables, procederemos a eliminarlos de forma segura y respetuosa con el medio ambiente.<\/span><\/p>\n<p><span style=\"color: #d13239; font-family: Montserrat, Helvetica, Arial, Lucida, sans-serif; font-size: 18px;\">8. \u00bfCu\u00e1les son sus derechos de protecci\u00f3n de datos?<\/span><\/p>\n<p><span style=\"font-size: 14px;\">En cualquier momento puede dirigirse a nosotros para saber qu\u00e9 informaci\u00f3n tenemos sobre usted, rectificarla si fuese incorrecta y eliminarla una vez finalizada nuestra relaci\u00f3n, en el caso de que ello sea legalmente posible.<\/span><\/p>\n<p><span style=\"font-size: 14px;\">Tambi\u00e9n tiene derecho a solicitar el traspaso de su informaci\u00f3n a otra entidad. Este derecho se llama \u201cportabilidad\u201d y puede ser \u00fatil en determinadas situaciones.<\/span><\/p>\n<p><span style=\"font-size: 14px;\">Para solicitar alguno de estos derechos, deber\u00e1 realizar una solicitud escrita a nuestra direcci\u00f3n, junto con una fotocopia de su DNI, para poder identificarle.<\/span><\/p>\n<p><span style=\"font-size: 14px;\">En las oficinas de nuestra entidad disponemos de formularios espec\u00edficos para solicitar dichos derechos y le ofrecemos nuestra ayuda para su cumplimentaci\u00f3n.<\/span><\/p>\n<p><span style=\"font-size: 14px;\">Para saber m\u00e1s sobre sus derechos de protecci\u00f3n de datos, puede consultar la p\u00e1gina web de la Agencia Espa\u00f1ola de Protecci\u00f3n de Datos (<a href=\"https:\/\/www.aepd.es\/\">www.agpd.es<\/a>).<\/span><\/p>\n<p>\u00a0<span style=\"color: #d13239; font-family: Montserrat, Helvetica, Arial, Lucida, sans-serif; font-size: 18px;\">9. \u00bfPuede retirar su consentimiento si cambia de opini\u00f3n en un momento posterior?<\/span><\/p>\n<p>Usted puede retirar su consentimiento si cambia de opini\u00f3n sobre el uso de sus datos en cualquier momento.<\/p>\n<p>As\u00ed por ejemplo, si usted en su d\u00eda estuvo interesado\/a en recibir publicidad de nuestros productos o servicios, pero ya no desea recibir m\u00e1s publicidad, puede hac\u00e9rnoslo constar a trav\u00e9s del formulario de oposici\u00f3n al tratmiento disponible en las oficinas de nuestra entidad.<\/p>\n<p><span style=\"color: #d13239; font-family: Montserrat, Helvetica, Arial, Lucida, sans-serif; font-size: 18px;\">10. En caso de que entienda que sus derechos han sido desatendidos, \u00bfd\u00f3nde puede formular una reclamaci\u00f3n?<\/span><\/p>\n<p><span style=\"font-size: 14px;\">En caso de que entienda que sus derechos han sido desatendidos por nuestra entidad, puede formular una reclamaci\u00f3n en la Agencia Espa\u00f1ola de Protecci\u00f3n de Datos, a trav\u00e9s de alguno de los medios siguientes:<\/span><\/p>\n<p style=\"padding-left: 30px;\">o Sede electr\u00f3nica: <a href=\"https:\/\/www.aepd.es\/\">www.agpd.es<\/a><br \/>o Direcci\u00f3n postal:<\/p>\n<p style=\"padding-left: 60px;\">Agencia Espa\u00f1ola de Protecci\u00f3n de Datos <br \/>C\/ Jorge Juan, 6<br \/>28001-Madrid<\/p>\n<p style=\"padding-left: 30px;\">o Via telef\u00f3nica:<\/p>\n<p style=\"padding-left: 60px;\">Telf. 901 100 099 <br \/>Telf. 91 266 35 17<\/p>\n<p>Formular una reclamaci\u00f3n en la Agencia Espa\u00f1ola de Protecci\u00f3n de Datos no conlleva ning\u00fan coste y no es necesaria la asistencia de abogado ni procurador.<\/p>\n<h4>11. \u00bfElaboraremos perfiles por usted?<\/h4>\n<p><span style=\"font-size: 14px;\">Nuestra pol\u00edtica es no elaborar perfiles sobre los usuarios de nuestros servicios.<\/span><\/p>\n<p>No obstante, pueden existir situaciones en las que, con fines de prestaci\u00f3n del servicio, comerciales o de otro tipo, necesitemos elaborar perfiles de informaci\u00f3n sobre usted. Un ejemplo pudiera ser la utilizaci\u00f3n de su historial de compras o servicios para poder ofrecerle productos o servicios adaptados a sus gustos o necesidades.<\/p>\n<p>En tal caso, siempre le mantendremos informado previamente y aplicaremos medidas de seguridad eficaces que protegan su informaci\u00f3n en todo momento de personas no autorizadas que pretendan utilizarla en su propio beneficio.<\/p>\n<h4>12. \u00bfUsaremos sus datos para otros fines?<\/h4>\n<p>Nuestra pol\u00edtica es no usar sus datos para otras finalidades distintas a las que le hemos explicado. Si, no obstante, necesitasemos usar sus datos para actividades distintas, siempre le solicitaremos previamente su permiso a trav\u00e9s de opciones claras que le permitir\u00e1n decidir al respecto.<\/p>\n<p><span style=\"color: #d13239; font-family: Montserrat, Helvetica, Arial, Lucida, sans-serif; font-size: 18px;\">13. Calidad de los datos tratados<\/span><\/p>\n<p><span style=\"font-size: 14px;\">Nuestra pol\u00edtica es no recoger datos de personas menores de trece a\u00f1os y en el supuesto de que una persona menor de trece a\u00f1os nos facilite sus datos, procederemos a su destrucci\u00f3n inmediata.<\/span><\/p>\n<p>No debe facilitarnos datos falsos o de terceras personas sin su consentimiento. Usted es responsable de la veracidad y exactitud de los datos aportados.<\/p>\n<p>&nbsp;<\/p>\n<p style=\"text-align: justify;\">\n<p>[\/et_pb_text][\/et_pb_column][\/et_pb_row][\/et_pb_section]<\/p>\n\n<div class=\"twitter-share\"><a href=\"https:\/\/twitter.com\/intent\/tweet?via=CJDB_Villena\" class=\"twitter-share-button\">Twittear<\/a><\/div>\n","protected":false},"excerpt":{"rendered":"<p>Pol\u00edtica de Privacidad &nbsp; I. Informaci\u00f3n en cumplimiento de lo establecido en la Ley 34\/2002, de 11 de julio, de Servicios de la Sociedad de la Informaci\u00f3n y de Comercio Electr\u00f3nico\u00a0 \u00a0En cumplimiento de lo establecido en el art\u00edculo 10 de la Ley 34\/2002, de 11 de julio, de Servicios de la Sociedad de la [&hellip;]<\/p>\n","protected":false},"author":4,"featured_media":0,"parent":0,"menu_order":0,"comment_status":"closed","ping_status":"closed","template":"","meta":{"_et_pb_use_builder":"on","_et_pb_old_content":"<header class=\"entry-header\"><h1 class=\"entry-title\">Pol\u00edtica de Privacidad<\/h1><\/header><h2>I. Informaci\u00f3n en cumplimiento de lo establecido en la Ley 34\/2002, de 11 de julio, de Servicios de la Sociedad de la Informaci\u00f3n y de Comercio Electr\u00f3nico<\/h2><hr \/><p>En cumplimiento de lo establecido en el art\u00edculo 10 de la Ley 34\/2002, de 11 de julio, de Servicios de la Sociedad de la Informaci\u00f3n y de Comercio Electr\u00f3nico (en adelante, LSSI-CE), se informa de modo expreso, preciso e inequ\u00edvoco, tanto a los destinatarios del servicio como a los \u00f3rganos competentes, de los siguientes aspectos relativos al prestador de servicios de la sociedad de la informaci\u00f3n:<\/p><p>Federaci\u00f3n de Centros Juveniles Don Bosco de la Comunidad Valenciana<br \/>G46569133<br \/>Asociaci\u00f3n sin \u00e1nimo de lucro<br \/>Av. Primado Reig, 6<br \/>46009 Valencia<br \/>963 66 17 89<br \/>federacion@don-bosco.org<br \/>www.fededonbosco.org<\/p><h3>\u00a0<\/h3><h3>II. Informaci\u00f3n en cumplimiento de lo establecido en la Ley Org\u00e1nica de Protecci\u00f3n de Datos de Car\u00e1cter Personal<\/h3><hr \/><h4>1. Principio de informaci\u00f3n<\/h4><p>En cumplimiento de lo establecido en el art\u00edculo 5 de la Ley Org\u00e1nica 15\/1999, de 13 de diciembre, de Protecci\u00f3n de Datos de Car\u00e1cter Personal (en adelante, LOPD), le informamos de modo expreso, preciso e inequ\u00edvoco que los datos facilitados por usted a trav\u00e9s de los formularios dispuestos al efecto en nuestra p\u00e1gina web o en cualquier otro canal de recogida de los mismos, as\u00ed como los que se generen durante su relaci\u00f3n con nuestra entidad, ser\u00e1n objeto de tratamiento en los ficheros responsabilidad de <em><strong>Federaci\u00f3n de Centros Juveniles Don Bosco de la Comunidad Valenciana<\/strong><\/em>, debidamente notificados en el Registro General de la Agencia Espa\u00f1ola de Protecci\u00f3n de Datos, con la finalidad del mantenimiento y cumplimiento de la relaci\u00f3n del destinatario del servicio con nuestra entidad y prestaci\u00f3n de servicios derivada de la misma.<\/p><p>As\u00ed mismo, en cumplimiento de lo establecido en la citada LOPD y en la Ley 34\/2002, de 11 de julio, de Servicios de la Sociedad de la Informaci\u00f3n y de Comercio Electr\u00f3nico (en adelante, LSSI-CE), le informamos que sus datos podr\u00e1n ser utilizados con la finalidad de enviarle comunicaciones comerciales y de cortes\u00eda relacionadas con nuestra entidad a trav\u00e9s del tel\u00e9fono, correo postal ordinario, fax, correo electr\u00f3nico o medios de comunicaci\u00f3n electr\u00f3nica equivalentes.<\/p><p>De igual manera, le informamos que sus datos ser\u00e1n cedidos en todos aquellos casos en que sea necesario para el desarrollo, cumplimiento y control de la relaci\u00f3n del destinatario del servicio con nuestra entidad o en los supuestos en que lo autorice una norma con rango de ley y, en particular, cuando concurra uno de los supuestos siguientes: a) El tratamiento o la cesi\u00f3n tengan por objeto la satisfacci\u00f3n de un inter\u00e9s leg\u00edtimo del responsable del tratamiento o del cesionario amparado por dicha norma; b) El tratamiento o la cesi\u00f3n de los datos sean necesarios para que el responsable del tratamiento cumpla un deber que le imponga dicha norma.<\/p><h4>2. Principio del consentimiento<\/h4><p>El consentimiento para el tratamiento de sus datos con las finalidades descritas en el apartado anterior se entender\u00e1 prestado a trav\u00e9s de la marcaci\u00f3n de la casilla correspondiente dispuesta al efecto en nuestra p\u00e1gina web.<\/p><h4>3. Car\u00e1cter obligatorio de los datos solicitados<\/h4><p>La cumplimentaci\u00f3n de todos y cada uno de los campos que aparecen en los formularios dispuestos al efecto en nuestra p\u00e1gina web tiene car\u00e1cter obligatorio (en caso contrario, aparecer\u00e1n marcados con un asterisco los campos que tengan car\u00e1cter obligatorio). La negativa a facilitar sus datos llevar\u00eda aparejada la imposibilidad del mantenimiento y cumplimiento de la relaci\u00f3n del destinatario del servicio con nuestra entidad, ya que los mismos son necesarias para la prestaci\u00f3n de servicios derivada de la misma.<\/p><h4>4. Principio de calidad de los datos<\/h4><p>El destinatario del servicio ser\u00e1 el \u00fanico responsable de la veracidad y exactitud de los datos aportados, actuando <em>Federaci\u00f3n de Centros Juveniles Don Bosco de la Comunidad Valenciana<\/em> de buena fe como mero prestador del servicio.<\/p><p>En el supuesto de que el destinatario del servicio facilite datos falsos o de terceras personas sin mediar su consentimiento para ello, responder\u00e1 personalmente frente a <em>Federaci\u00f3n de Centros Juveniles Don Bosco de la Comunidad Valenciana<\/em>, los afectados o interesados, Agencia Espa\u00f1ola de Protecci\u00f3n de Datas y, en su caso, autoridades auton\u00f3micas de protecci\u00f3n de datos, de las responsabilidades derivadas de dicha circunstancia.<\/p><p><em>Federaci\u00f3n de Centros Juveniles Don Bosco de la Comunidad Valenciana<\/em> no recoge datos de personas menores de catorce a\u00f1os a trav\u00e9s de su p\u00e1gina web. En el supuesto de que una persona menor de catorce a\u00f1os facilite sus datos a trav\u00e9s de los formularios dispuestos al efecto en nuestra p\u00e1gina web o en cualquier otro canal de recogida de los mismos, se proceder\u00e1 a su destrucci\u00f3n inmediata en el mismo momento en que se tenga conocimiento de tal circunstancia.<\/p><p>Con la finalidad de dar cumplimiento a lo establecido en el art\u00edculo 4.3 de la LOPD, el destinatario del servicio se compromete a comunicar a <em>Federaci\u00f3n de Centros Juveniles Don Bosco de la Comunidad Valenciana<\/em> los cambios que se produzcan en sus datos, de forma que respondan con veracidad a su situaci\u00f3n actual en todo momento.<\/p><h4>5. Principio de seguridad de los datos<\/h4><p><em>Federaci\u00f3n de Centros Juveniles Don Bosco de la Comunidad Valenciana<\/em> se compromete al cumplimiento de su obligaci\u00f3n de secreto respecto de los datos de car\u00e1cter personal y de su deber de guardarlos y adoptar\u00e1 todas las medidas de \u00edndole t\u00e9cnica y organizativa necesarias que garanticen la seguridad de los datos de car\u00e1cter personal y eviten su alteraci\u00f3n, p\u00e9rdida, tratamiento o acceso no autorizado, habida cuenta del estado de la tecnolog\u00eda, la naturaleza de los datos almacenados y los riesgos a que est\u00e9n expuestos, ya provengan de la acci\u00f3n humana o del medio f\u00edsico o natural, desarrolladas en el T\u00edtulo VIII del Real Decreto 1720\/2007, de 21 de diciembre, por el que se aprueba el Reglamento de desarrollo de la Ley Org\u00e1nica 15\/1999, de 13 de diciembre, de Protecci\u00f3n de Datos de Car\u00e1cter Personal.<\/p><h4>6. Ejercicio de derechos<\/h4><p>En cumplimiento de lo establecido en la LOPD y el Real Decreto 1720\/2007, de 21 de diciembre, por el que se aprueba el Reglamento de desarrollo de la misma, el destinatario del servicio puede ejercitar, en cualquier momento, sus derechos de acceso, rectificaci\u00f3n, cancelaci\u00f3n y oposici\u00f3n ante el responsable del fichero o del tratamiento, adjuntando fotocopia de su DNI.<\/p><h4>7. Responsable del fichero o del tratamiento<\/h4><p>El responsable del fichero o del tratamiento es <em>Federaci\u00f3n de Centros Juveniles Don Bosco de la Comunidad Valenciana<\/em>, con direcci\u00f3n a efectos de notificaciones en Avenida Primado Reig, 6, 46009 \u2013 Valencia (Valencia\/Val\u00e8ncia).<\/p>","_et_gb_content_width":"","footnotes":""},"class_list":["post-370","page","type-page","status-publish","hentry"],"yoast_head":"<!-- This site is optimized with the Yoast SEO plugin v27.4 - https:\/\/yoast.com\/product\/yoast-seo-wordpress\/ -->\n<title>Pol\u00edtica de Privacidad - Centro Juvenil Don Bosco Villena<\/title>\n<meta name=\"robots\" content=\"index, follow, max-snippet:-1, max-image-preview:large, max-video-preview:-1\" \/>\n<link rel=\"canonical\" href=\"https:\/\/www.fededonbosco.org\/villena\/politica-de-privacidad\/\" \/>\n<meta property=\"og:locale\" content=\"es_ES\" \/>\n<meta property=\"og:type\" content=\"article\" \/>\n<meta property=\"og:title\" content=\"Pol\u00edtica de Privacidad - Centro Juvenil Don Bosco Villena\" \/>\n<meta property=\"og:description\" content=\"Pol\u00edtica de Privacidad &nbsp; I. Informaci\u00f3n en cumplimiento de lo establecido en la Ley 34\/2002, de 11 de julio, de Servicios de la Sociedad de la Informaci\u00f3n y de Comercio Electr\u00f3nico\u00a0 \u00a0En cumplimiento de lo establecido en el art\u00edculo 10 de la Ley 34\/2002, de 11 de julio, de Servicios de la Sociedad de la [&hellip;]\" \/>\n<meta property=\"og:url\" content=\"https:\/\/www.fededonbosco.org\/villena\/politica-de-privacidad\/\" \/>\n<meta property=\"og:site_name\" content=\"Centro Juvenil Don Bosco Villena\" \/>\n<meta property=\"article:modified_time\" content=\"2018-06-05T10:43:32+00:00\" \/>\n<meta name=\"twitter:card\" content=\"summary_large_image\" \/>\n<meta name=\"twitter:label1\" content=\"Tiempo de lectura\" \/>\n\t<meta name=\"twitter:data1\" content=\"8 minutos\" \/>\n<script type=\"application\/ld+json\" class=\"yoast-schema-graph\">{\"@context\":\"https:\\\/\\\/schema.org\",\"@graph\":[{\"@type\":\"WebPage\",\"@id\":\"https:\\\/\\\/www.fededonbosco.org\\\/villena\\\/politica-de-privacidad\\\/\",\"url\":\"https:\\\/\\\/www.fededonbosco.org\\\/villena\\\/politica-de-privacidad\\\/\",\"name\":\"Pol\u00edtica de Privacidad - Centro Juvenil Don Bosco Villena\",\"isPartOf\":{\"@id\":\"https:\\\/\\\/www.fededonbosco.org\\\/villena\\\/#website\"},\"datePublished\":\"2017-03-15T15:06:42+00:00\",\"dateModified\":\"2018-06-05T10:43:32+00:00\",\"breadcrumb\":{\"@id\":\"https:\\\/\\\/www.fededonbosco.org\\\/villena\\\/politica-de-privacidad\\\/#breadcrumb\"},\"inLanguage\":\"es\",\"potentialAction\":[{\"@type\":\"ReadAction\",\"target\":[\"https:\\\/\\\/www.fededonbosco.org\\\/villena\\\/politica-de-privacidad\\\/\"]}]},{\"@type\":\"BreadcrumbList\",\"@id\":\"https:\\\/\\\/www.fededonbosco.org\\\/villena\\\/politica-de-privacidad\\\/#breadcrumb\",\"itemListElement\":[{\"@type\":\"ListItem\",\"position\":1,\"name\":\"Portada\",\"item\":\"https:\\\/\\\/www.fededonbosco.org\\\/villena\\\/\"},{\"@type\":\"ListItem\",\"position\":2,\"name\":\"Pol\u00edtica de Privacidad\"}]},{\"@type\":\"WebSite\",\"@id\":\"https:\\\/\\\/www.fededonbosco.org\\\/villena\\\/#website\",\"url\":\"https:\\\/\\\/www.fededonbosco.org\\\/villena\\\/\",\"name\":\"Centro Juvenil Don Bosco Villena\",\"description\":\"Pagina oficial del Centro Juvenil Don Bosco\",\"potentialAction\":[{\"@type\":\"SearchAction\",\"target\":{\"@type\":\"EntryPoint\",\"urlTemplate\":\"https:\\\/\\\/www.fededonbosco.org\\\/villena\\\/?s={search_term_string}\"},\"query-input\":{\"@type\":\"PropertyValueSpecification\",\"valueRequired\":true,\"valueName\":\"search_term_string\"}}],\"inLanguage\":\"es\"}]}<\/script>\n<!-- \/ Yoast SEO plugin. -->","yoast_head_json":{"title":"Pol\u00edtica de Privacidad - Centro Juvenil Don Bosco Villena","robots":{"index":"index","follow":"follow","max-snippet":"max-snippet:-1","max-image-preview":"max-image-preview:large","max-video-preview":"max-video-preview:-1"},"canonical":"https:\/\/www.fededonbosco.org\/villena\/politica-de-privacidad\/","og_locale":"es_ES","og_type":"article","og_title":"Pol\u00edtica de Privacidad - Centro Juvenil Don Bosco Villena","og_description":"Pol\u00edtica de Privacidad &nbsp; I. Informaci\u00f3n en cumplimiento de lo establecido en la Ley 34\/2002, de 11 de julio, de Servicios de la Sociedad de la Informaci\u00f3n y de Comercio Electr\u00f3nico\u00a0 \u00a0En cumplimiento de lo establecido en el art\u00edculo 10 de la Ley 34\/2002, de 11 de julio, de Servicios de la Sociedad de la [&hellip;]","og_url":"https:\/\/www.fededonbosco.org\/villena\/politica-de-privacidad\/","og_site_name":"Centro Juvenil Don Bosco Villena","article_modified_time":"2018-06-05T10:43:32+00:00","twitter_card":"summary_large_image","twitter_misc":{"Tiempo de lectura":"8 minutos"},"schema":{"@context":"https:\/\/schema.org","@graph":[{"@type":"WebPage","@id":"https:\/\/www.fededonbosco.org\/villena\/politica-de-privacidad\/","url":"https:\/\/www.fededonbosco.org\/villena\/politica-de-privacidad\/","name":"Pol\u00edtica de Privacidad - Centro Juvenil Don Bosco Villena","isPartOf":{"@id":"https:\/\/www.fededonbosco.org\/villena\/#website"},"datePublished":"2017-03-15T15:06:42+00:00","dateModified":"2018-06-05T10:43:32+00:00","breadcrumb":{"@id":"https:\/\/www.fededonbosco.org\/villena\/politica-de-privacidad\/#breadcrumb"},"inLanguage":"es","potentialAction":[{"@type":"ReadAction","target":["https:\/\/www.fededonbosco.org\/villena\/politica-de-privacidad\/"]}]},{"@type":"BreadcrumbList","@id":"https:\/\/www.fededonbosco.org\/villena\/politica-de-privacidad\/#breadcrumb","itemListElement":[{"@type":"ListItem","position":1,"name":"Portada","item":"https:\/\/www.fededonbosco.org\/villena\/"},{"@type":"ListItem","position":2,"name":"Pol\u00edtica de Privacidad"}]},{"@type":"WebSite","@id":"https:\/\/www.fededonbosco.org\/villena\/#website","url":"https:\/\/www.fededonbosco.org\/villena\/","name":"Centro Juvenil Don Bosco Villena","description":"Pagina oficial del Centro Juvenil Don Bosco","potentialAction":[{"@type":"SearchAction","target":{"@type":"EntryPoint","urlTemplate":"https:\/\/www.fededonbosco.org\/villena\/?s={search_term_string}"},"query-input":{"@type":"PropertyValueSpecification","valueRequired":true,"valueName":"search_term_string"}}],"inLanguage":"es"}]}},"_links":{"self":[{"href":"https:\/\/www.fededonbosco.org\/villena\/wp-json\/wp\/v2\/pages\/370","targetHints":{"allow":["GET"]}}],"collection":[{"href":"https:\/\/www.fededonbosco.org\/villena\/wp-json\/wp\/v2\/pages"}],"about":[{"href":"https:\/\/www.fededonbosco.org\/villena\/wp-json\/wp\/v2\/types\/page"}],"author":[{"embeddable":true,"href":"https:\/\/www.fededonbosco.org\/villena\/wp-json\/wp\/v2\/users\/4"}],"replies":[{"embeddable":true,"href":"https:\/\/www.fededonbosco.org\/villena\/wp-json\/wp\/v2\/comments?post=370"}],"version-history":[{"count":13,"href":"https:\/\/www.fededonbosco.org\/villena\/wp-json\/wp\/v2\/pages\/370\/revisions"}],"predecessor-version":[{"id":5982,"href":"https:\/\/www.fededonbosco.org\/villena\/wp-json\/wp\/v2\/pages\/370\/revisions\/5982"}],"wp:attachment":[{"href":"https:\/\/www.fededonbosco.org\/villena\/wp-json\/wp\/v2\/media?parent=370"}],"curies":[{"name":"wp","href":"https:\/\/api.w.org\/{rel}","templated":true}]}}