{"id":4931,"date":"2018-02-22T11:13:13","date_gmt":"2018-02-22T10:13:13","guid":{"rendered":"http:\/\/www.fededonbosco.org\/villena\/?page_id=4931"},"modified":"2018-10-18T18:50:01","modified_gmt":"2018-10-18T17:50:01","slug":"patrocinadores","status":"publish","type":"page","link":"https:\/\/www.fededonbosco.org\/villena\/patrocinadores\/","title":{"rendered":"Patrocinadores"},"content":{"rendered":"<div id=\"fb-root\"><\/div>\n<p>[et_pb_section fb_built=\u00bb1&#8243; fullwidth=\u00bbon\u00bb _builder_version=\u00bb3.0.47&#8243;][et_pb_fullwidth_header title=\u00bbPatrocinadores\u00bb subhead=\u00bbAdelante\u00bb _builder_version=\u00bb3.15&#8243; title_font=\u00bbLato|700|||||||\u00bb title_font_size=\u00bb65px\u00bb title_font_size_phone=\u00bb46px\u00bb title_font_size_last_edited=\u00bbon|phone\u00bb title_text_shadow_style=\u00bbpreset1&#8243; subhead_font=\u00bbHandlee||||||||\u00bb subhead_font_size=\u00bb35px\u00bb subhead_font_size_last_edited=\u00bbon|desktop\u00bb background_color=\u00bbrgba(255, 255, 255, 0)\u00bb background_image=\u00bbhttp:\/\/www.fededonbosco.org\/villena\/nuevavillena\/wp-content\/uploads\/sites\/4\/2018\/02\/colaboradores-fede-don-bosco-1.jpg\u00bb background_position=\u00bbtop_center\u00bb title_text_shadow_color=\u00bbrgba(99,0,114,0.4)\u00bb scroll_down_icon_color=\u00bb#536271&#8243; custom_margin=\u00bb||-91px|\u00bb][\/et_pb_fullwidth_header][\/et_pb_section][et_pb_section fb_built=\u00bb1&#8243; _builder_version=\u00bb3.0.47&#8243;][et_pb_row custom_padding=\u00bb25px|0px|27px|0px\u00bb _builder_version=\u00bb3.0.47&#8243; background_size=\u00bbinitial\u00bb background_position=\u00bbtop_left\u00bb background_repeat=\u00bbrepeat\u00bb][et_pb_column type=\u00bb4_4&#8243; _builder_version=\u00bb3.0.47&#8243; parallax=\u00bboff\u00bb parallax_method=\u00bbon\u00bb][et_pb_text _builder_version=\u00bb3.15&#8243;]<\/p>\n<h2><img loading=\"lazy\" decoding=\"async\" class=\"wp-image-6182 alignnone size-full\" src=\"http:\/\/www.fededonbosco.org\/villena\/wp-content\/uploads\/sites\/4\/2018\/10\/logocjdb-1-1.png\" alt=\"\" width=\"39\" height=\"30\" srcset=\"https:\/\/www.fededonbosco.org\/villena\/wp-content\/uploads\/sites\/4\/2018\/10\/logocjdb-1-1.png 400w, https:\/\/www.fededonbosco.org\/villena\/wp-content\/uploads\/sites\/4\/2018\/10\/logocjdb-1-1-300x231.png 300w\" sizes=\"(max-width: 39px) 100vw, 39px\" \/> <strong><span style=\"color: #636a70\">\u00bfQui\u00e9n nos ayuda?<\/span><\/strong><\/h2>\n<p style=\"text-align: justify\"><span style=\"font-size: 14px;text-align: justify\">Para poder realizar todas las actividades, proyectos y campa\u00f1as durante todo el a\u00f1o, el Centro Juvenil Don Bosco cuenta con la ayuda y colaboraci\u00f3n de organismos, empresas o entidades. Con estas aportaciones podemos <strong>seguir creciendo, ofrecer a cada uno de los destinatarios el gran proyecto que deseamos para los m\u00e1s j\u00f3venes de nuestra localidad.<\/strong>\u00a0<\/span><\/p>\n<p style=\"text-align: justify\">Estos son los organismos, empresas o entidades que colaboran actualmente con nosotros. <strong>Muchas gracias a todos por formar parte de esto.<\/strong><\/p>\n<p>[\/et_pb_text][\/et_pb_column][\/et_pb_row][et_pb_row _builder_version=\u00bb3.0.47&#8243; background_size=\u00bbinitial\u00bb background_position=\u00bbtop_left\u00bb background_repeat=\u00bbrepeat\u00bb][et_pb_column type=\u00bb1_4&#8243; _builder_version=\u00bb3.0.47&#8243; parallax=\u00bboff\u00bb parallax_method=\u00bbon\u00bb][et_pb_team_member name=\u00bbGeneralitat Valenciana \u00bb position=\u00bbIRPF\u00bb image_url=\u00bbhttp:\/\/www.fededonbosco.org\/villena\/nuevavillena\/wp-content\/uploads\/sites\/4\/2018\/03\/IRPF_Cast.jpg\u00bb facebook_url=\u00bbhttps:\/\/www.facebook.com\/generalitatvalenciana\u00bb twitter_url=\u00bbhttps:\/\/twitter.com\/generalitat\u00bb _builder_version=\u00bb3.15&#8243; header_text_color=\u00bb#666666&#8243; background_size=\u00bbinitial\u00bb background_position=\u00bbtop_left\u00bb background_repeat=\u00bbrepeat\u00bb]<a href=\"http:\/\/www.gva.es\" target=\"_blank\" rel=\"noopener noreferrer\">www.gva.es<\/a><br \/>\n[\/et_pb_team_member][\/et_pb_column][et_pb_column type=\u00bb1_4&#8243; _builder_version=\u00bb3.0.47&#8243; parallax=\u00bboff\u00bb parallax_method=\u00bbon\u00bb][et_pb_team_member name=\u00bbGeneralitat Valenciana\u00bb position=\u00bbVicepresid\u00e8ncia i Conselleria d&#8217;Igualtat i Pol\u00edtiques Inclusives\u00bb image_url=\u00bbhttp:\/\/www.fededonbosco.org\/villena\/nuevavillena\/wp-content\/uploads\/sites\/4\/2018\/02\/ViceprecidenciaOK_val.gif\u00bb facebook_url=\u00bbhttps:\/\/www.facebook.com\/generalitatvalenciana\u00bb twitter_url=\u00bbhttps:\/\/twitter.com\/generalitat\u00bb icon_color=\u00bb#cecece\u00bb icon_hover_color=\u00bb#002d58&#8243; _builder_version=\u00bb3.0.98&#8243; header_font=\u00bbMontserrat||||\u00bb header_text_color=\u00bb#666666&#8243; body_font=\u00bbOpen Sans||||\u00bb background_size=\u00bbinitial\u00bb background_position=\u00bbtop_left\u00bb background_repeat=\u00bbrepeat\u00bb animation=\u00bbtop\u00bb]<a href=\"http:\/\/www.inclusio.gva.es\/\" target=\"_blank\" rel=\"noopener noreferrer\">www.inclusio.gva.es<\/a><br \/>\n[\/et_pb_team_member][\/et_pb_column][et_pb_column type=\u00bb1_4&#8243; _builder_version=\u00bb3.0.47&#8243; parallax=\u00bboff\u00bb parallax_method=\u00bbon\u00bb][et_pb_team_member name=\u00bbGeneralitat Valenciana\u00bb position=\u00bbConselleria de Transpar\u00e8ncia, Responsabilitat Social, Participaci\u00f3 i Cooperaci\u00f3\u00bb image_url=\u00bbhttp:\/\/www.fededonbosco.org\/villena\/nuevavillena\/wp-content\/uploads\/sites\/4\/2018\/02\/Transparencia_val.gif\u00bb facebook_url=\u00bbhttps:\/\/www.facebook.com\/gvaoberta\u00bb twitter_url=\u00bbhttps:\/\/twitter.com\/GVAoberta\u00bb icon_color=\u00bb#cecece\u00bb icon_hover_color=\u00bb#002d58&#8243; _builder_version=\u00bb3.0.98&#8243; header_font=\u00bbMontserrat||||\u00bb header_text_color=\u00bb#666666&#8243; body_font=\u00bbOpen Sans||||\u00bb background_size=\u00bbinitial\u00bb background_position=\u00bbtop_left\u00bb background_repeat=\u00bbrepeat\u00bb animation=\u00bbtop\u00bb]<a href=\"http:\/\/www.transparencia.gva.es\/va\/\" target=\"_blank\" rel=\"noopener noreferrer\">www.transparencia.gva.es<\/a><br \/>\n[\/et_pb_team_member][\/et_pb_column][et_pb_column type=\u00bb1_4&#8243; _builder_version=\u00bb3.0.47&#8243; parallax=\u00bboff\u00bb parallax_method=\u00bbon\u00bb][et_pb_team_member name=\u00bbIVAJ\u00bb position=\u00bbInstitut Valenci\u00e0 de la Joventut\u00bb image_url=\u00bbhttp:\/\/www.fededonbosco.org\/villena\/nuevavillena\/wp-content\/uploads\/sites\/4\/2018\/05\/ivaj-logo.jpg\u00bb facebook_url=\u00bbhttps:\/\/www.facebook.com\/GVAivaj\/\u00bb twitter_url=\u00bbhttps:\/\/twitter.com\/GVAivaj\u00bb icon_color=\u00bb#cecece\u00bb icon_hover_color=\u00bb#002d58&#8243; _builder_version=\u00bb3.0.105&#8243; header_font=\u00bbMontserrat||||\u00bb header_text_color=\u00bb#666666&#8243; body_font=\u00bbOpen Sans||||\u00bb background_size=\u00bbinitial\u00bb background_position=\u00bbtop_left\u00bb background_repeat=\u00bbrepeat\u00bb animation=\u00bbtop\u00bb]<a href=\"http:\/\/www.ivaj.gva.es\/\" target=\"_blank\" rel=\"noopener noreferrer\">www.ivaj.gva.es<\/a><br \/>\n[\/et_pb_team_member][\/et_pb_column][\/et_pb_row][et_pb_row custom_padding=\u00bb27px|0px|0px|0px\u00bb _builder_version=\u00bb3.0.47&#8243; background_size=\u00bbinitial\u00bb background_position=\u00bbtop_left\u00bb background_repeat=\u00bbrepeat\u00bb][et_pb_column type=\u00bb1_4&#8243; _builder_version=\u00bb3.0.47&#8243; parallax=\u00bboff\u00bb parallax_method=\u00bbon\u00bb][et_pb_team_member name=\u00bbDiputaci\u00f3 de Val\u00e8ncia\u00bb image_url=\u00bbhttp:\/\/www.fededonbosco.org\/villena\/nuevavillena\/wp-content\/uploads\/sites\/4\/2018\/05\/logo-dipu-valencia.jpg\u00bb facebook_url=\u00bbhttps:\/\/www.facebook.com\/DiputaciodeValencia\/\u00bb twitter_url=\u00bbhttps:\/\/twitter.com\/dipvalencia\u00bb icon_color=\u00bb#cecece\u00bb icon_hover_color=\u00bb#002d58&#8243; _builder_version=\u00bb3.0.105&#8243; header_font=\u00bbMontserrat||||\u00bb header_text_color=\u00bb#666666&#8243; body_font=\u00bbOpen Sans||||\u00bb background_size=\u00bbinitial\u00bb background_position=\u00bbtop_left\u00bb background_repeat=\u00bbrepeat\u00bb animation=\u00bbtop\u00bb]<a href=\"http:\/\/www.dival.es\/es\" target=\"_blank\" rel=\"noopener noreferrer\">www.dival.es<\/a><br \/>\n[\/et_pb_team_member][\/et_pb_column][et_pb_column type=\u00bb1_4&#8243; _builder_version=\u00bb3.0.47&#8243; parallax=\u00bboff\u00bb parallax_method=\u00bbon\u00bb][et_pb_team_member name=\u00bbDiputaci\u00f3 d&#8217;Alacant\u00bb image_url=\u00bbhttp:\/\/www.fededonbosco.org\/villena\/nuevavillena\/wp-content\/uploads\/sites\/4\/2018\/02\/DipAl.gif\u00bb facebook_url=\u00bbhttps:\/\/www.facebook.com\/diputacionalicante\u00bb twitter_url=\u00bbhttps:\/\/twitter.com\/dipualicante\u00bb icon_color=\u00bb#cecece\u00bb icon_hover_color=\u00bb#002d58&#8243; _builder_version=\u00bb3.0.105&#8243; header_font=\u00bbMontserrat||||\u00bb header_text_color=\u00bb#666666&#8243; body_font=\u00bbOpen Sans||||\u00bb background_size=\u00bbinitial\u00bb background_position=\u00bbtop_left\u00bb background_repeat=\u00bbrepeat\u00bb animation=\u00bbtop\u00bb]<a href=\"http:\/\/www.diputacionalicante.es\/\" target=\"_blank\" rel=\"noopener noreferrer\">http:\/\/www.diputacionalicante.es\/<\/a><br \/>\n[\/et_pb_team_member][\/et_pb_column][et_pb_column type=\u00bb1_4&#8243; _builder_version=\u00bb3.0.47&#8243; parallax=\u00bboff\u00bb parallax_method=\u00bbon\u00bb][et_pb_team_member name=\u00bbFundaci\u00f3 Bancaixa-Bankia\u00bb image_url=\u00bbhttp:\/\/www.fededonbosco.org\/villena\/nuevavillena\/wp-content\/uploads\/sites\/4\/2018\/02\/bancajaBankia.gif\u00bb icon_color=\u00bb#cecece\u00bb icon_hover_color=\u00bb#002d58&#8243; _builder_version=\u00bb3.0.98&#8243; header_font=\u00bbMontserrat||||\u00bb header_text_color=\u00bb#666666&#8243; body_font=\u00bbOpen Sans||||\u00bb background_size=\u00bbinitial\u00bb background_position=\u00bbtop_left\u00bb background_repeat=\u00bbrepeat\u00bb animation=\u00bbtop\u00bb]<a href=\"http:\/\/www.fundacionbancaja.es\/\" target=\"_blank\" rel=\"noopener noreferrer\">www.fundacionbancaja.es<\/a><br \/>\n[\/et_pb_team_member][\/et_pb_column][et_pb_column type=\u00bb1_4&#8243; _builder_version=\u00bb3.0.47&#8243; parallax=\u00bboff\u00bb parallax_method=\u00bbon\u00bb][\/et_pb_column][\/et_pb_row][\/et_pb_section]<\/p>\n\n<div class=\"twitter-share\"><a href=\"https:\/\/twitter.com\/intent\/tweet?via=CJDB_Villena\" class=\"twitter-share-button\">Twittear<\/a><\/div>\n","protected":false},"excerpt":{"rendered":"<p>\u00bfQui\u00e9n nos ayuda? Para poder realizar todas las actividades, proyectos y campa\u00f1as durante todo el a\u00f1o, el Centro Juvenil Don Bosco cuenta con la ayuda y colaboraci\u00f3n de organismos, empresas o entidades. Con estas aportaciones podemos seguir creciendo, ofrecer a cada uno de los destinatarios el gran proyecto que deseamos para los m\u00e1s j\u00f3venes de [&hellip;]<\/p>\n","protected":false},"author":7,"featured_media":0,"parent":0,"menu_order":0,"comment_status":"closed","ping_status":"closed","template":"","meta":{"_et_pb_use_builder":"on","_et_pb_old_content":"","_et_gb_content_width":"","footnotes":""},"class_list":["post-4931","page","type-page","status-publish","hentry"],"yoast_head":"<!-- This site is optimized with the Yoast SEO plugin v28.3 - https:\/\/yoast.com\/product\/yoast-seo-wordpress\/ -->\n<title>Entidades Patrocinadoras - Federaci\u00f3n Don Bosco<\/title>\n<meta name=\"description\" content=\"Para poder realizar todas las actividades, proyectos y campa\u00f1as en las entidades locales, desde el Centro Juvenil contamos con la ayuda y colaboraci\u00f3n. As\u00ed ayudamos a seguir manteniendo vivo el proyecto de oratorios de Don Bosco en la Comunidad Valenciana. \u2705 Sigue leyendo &gt;&gt;\" \/>\n<meta name=\"robots\" content=\"index, follow, max-snippet:-1, max-image-preview:large, max-video-preview:-1\" \/>\n<link rel=\"canonical\" href=\"https:\/\/www.fededonbosco.org\/villena\/patrocinadores\/\" \/>\n<meta property=\"og:locale\" content=\"es_ES\" \/>\n<meta property=\"og:type\" content=\"article\" \/>\n<meta property=\"og:title\" content=\"Entidades Patrocinadoras - Federaci\u00f3n Don Bosco\" \/>\n<meta property=\"og:description\" content=\"Para poder realizar todas las actividades, proyectos y campa\u00f1as en las entidades locales, desde el Centro Juvenil contamos con la ayuda y colaboraci\u00f3n. As\u00ed ayudamos a seguir manteniendo vivo el proyecto de oratorios de Don Bosco en la Comunidad Valenciana. \u2705 Sigue leyendo &gt;&gt;\" \/>\n<meta property=\"og:url\" content=\"https:\/\/www.fededonbosco.org\/villena\/patrocinadores\/\" \/>\n<meta property=\"og:site_name\" content=\"Centro Juvenil Don Bosco Villena\" \/>\n<meta property=\"article:modified_time\" content=\"2018-10-18T17:50:01+00:00\" \/>\n<meta property=\"og:image\" content=\"http:\/\/www.fededonbosco.org\/villena\/wp-content\/uploads\/sites\/4\/2018\/10\/logocjdb-1-1.png\" \/>\n<meta name=\"twitter:card\" content=\"summary_large_image\" \/>\n<meta name=\"twitter:label1\" content=\"Tiempo de lectura\" \/>\n\t<meta name=\"twitter:data1\" content=\"4 minutos\" \/>\n<script type=\"application\/ld+json\" class=\"yoast-schema-graph\">{\"@context\":\"https:\\\/\\\/schema.org\",\"@graph\":[{\"@type\":\"WebPage\",\"@id\":\"https:\\\/\\\/www.fededonbosco.org\\\/villena\\\/patrocinadores\\\/\",\"url\":\"https:\\\/\\\/www.fededonbosco.org\\\/villena\\\/patrocinadores\\\/\",\"name\":\"Entidades Patrocinadoras - Federaci\u00f3n Don Bosco\",\"isPartOf\":{\"@id\":\"https:\\\/\\\/www.fededonbosco.org\\\/villena\\\/#website\"},\"primaryImageOfPage\":{\"@id\":\"https:\\\/\\\/www.fededonbosco.org\\\/villena\\\/patrocinadores\\\/#primaryimage\"},\"image\":{\"@id\":\"https:\\\/\\\/www.fededonbosco.org\\\/villena\\\/patrocinadores\\\/#primaryimage\"},\"thumbnailUrl\":\"http:\\\/\\\/www.fededonbosco.org\\\/villena\\\/wp-content\\\/uploads\\\/sites\\\/4\\\/2018\\\/10\\\/logocjdb-1-1.png\",\"datePublished\":\"2018-02-22T10:13:13+00:00\",\"dateModified\":\"2018-10-18T17:50:01+00:00\",\"description\":\"Para poder realizar todas las actividades, proyectos y campa\u00f1as en las entidades locales, desde el Centro Juvenil contamos con la ayuda y colaboraci\u00f3n. As\u00ed ayudamos a seguir manteniendo vivo el proyecto de oratorios de Don Bosco en la Comunidad Valenciana. \u2705 Sigue leyendo >>\",\"breadcrumb\":{\"@id\":\"https:\\\/\\\/www.fededonbosco.org\\\/villena\\\/patrocinadores\\\/#breadcrumb\"},\"inLanguage\":\"es\",\"potentialAction\":[{\"@type\":\"ReadAction\",\"target\":[\"https:\\\/\\\/www.fededonbosco.org\\\/villena\\\/patrocinadores\\\/\"]}]},{\"@type\":\"ImageObject\",\"inLanguage\":\"es\",\"@id\":\"https:\\\/\\\/www.fededonbosco.org\\\/villena\\\/patrocinadores\\\/#primaryimage\",\"url\":\"https:\\\/\\\/www.fededonbosco.org\\\/villena\\\/wp-content\\\/uploads\\\/sites\\\/4\\\/2018\\\/10\\\/logocjdb-1-1.png\",\"contentUrl\":\"https:\\\/\\\/www.fededonbosco.org\\\/villena\\\/wp-content\\\/uploads\\\/sites\\\/4\\\/2018\\\/10\\\/logocjdb-1-1.png\",\"width\":400,\"height\":308},{\"@type\":\"BreadcrumbList\",\"@id\":\"https:\\\/\\\/www.fededonbosco.org\\\/villena\\\/patrocinadores\\\/#breadcrumb\",\"itemListElement\":[{\"@type\":\"ListItem\",\"position\":1,\"name\":\"Portada\",\"item\":\"https:\\\/\\\/www.fededonbosco.org\\\/villena\\\/\"},{\"@type\":\"ListItem\",\"position\":2,\"name\":\"Patrocinadores\"}]},{\"@type\":\"WebSite\",\"@id\":\"https:\\\/\\\/www.fededonbosco.org\\\/villena\\\/#website\",\"url\":\"https:\\\/\\\/www.fededonbosco.org\\\/villena\\\/\",\"name\":\"Centro Juvenil Don Bosco Villena\",\"description\":\"Pagina oficial del Centro Juvenil Don Bosco\",\"potentialAction\":[{\"@type\":\"SearchAction\",\"target\":{\"@type\":\"EntryPoint\",\"urlTemplate\":\"https:\\\/\\\/www.fededonbosco.org\\\/villena\\\/?s={search_term_string}\"},\"query-input\":{\"@type\":\"PropertyValueSpecification\",\"valueRequired\":true,\"valueName\":\"search_term_string\"}}],\"inLanguage\":\"es\"}]}<\/script>\n<!-- \/ Yoast SEO plugin. -->","yoast_head_json":{"title":"Entidades Patrocinadoras - Federaci\u00f3n Don Bosco","description":"Para poder realizar todas las actividades, proyectos y campa\u00f1as en las entidades locales, desde el Centro Juvenil contamos con la ayuda y colaboraci\u00f3n. As\u00ed ayudamos a seguir manteniendo vivo el proyecto de oratorios de Don Bosco en la Comunidad Valenciana. \u2705 Sigue leyendo >>","robots":{"index":"index","follow":"follow","max-snippet":"max-snippet:-1","max-image-preview":"max-image-preview:large","max-video-preview":"max-video-preview:-1"},"canonical":"https:\/\/www.fededonbosco.org\/villena\/patrocinadores\/","og_locale":"es_ES","og_type":"article","og_title":"Entidades Patrocinadoras - Federaci\u00f3n Don Bosco","og_description":"Para poder realizar todas las actividades, proyectos y campa\u00f1as en las entidades locales, desde el Centro Juvenil contamos con la ayuda y colaboraci\u00f3n. As\u00ed ayudamos a seguir manteniendo vivo el proyecto de oratorios de Don Bosco en la Comunidad Valenciana. \u2705 Sigue leyendo >>","og_url":"https:\/\/www.fededonbosco.org\/villena\/patrocinadores\/","og_site_name":"Centro Juvenil Don Bosco Villena","article_modified_time":"2018-10-18T17:50:01+00:00","og_image":[{"url":"http:\/\/www.fededonbosco.org\/villena\/wp-content\/uploads\/sites\/4\/2018\/10\/logocjdb-1-1.png","type":"","width":"","height":""}],"twitter_card":"summary_large_image","twitter_misc":{"Tiempo de lectura":"4 minutos"},"schema":{"@context":"https:\/\/schema.org","@graph":[{"@type":"WebPage","@id":"https:\/\/www.fededonbosco.org\/villena\/patrocinadores\/","url":"https:\/\/www.fededonbosco.org\/villena\/patrocinadores\/","name":"Entidades Patrocinadoras - Federaci\u00f3n Don Bosco","isPartOf":{"@id":"https:\/\/www.fededonbosco.org\/villena\/#website"},"primaryImageOfPage":{"@id":"https:\/\/www.fededonbosco.org\/villena\/patrocinadores\/#primaryimage"},"image":{"@id":"https:\/\/www.fededonbosco.org\/villena\/patrocinadores\/#primaryimage"},"thumbnailUrl":"http:\/\/www.fededonbosco.org\/villena\/wp-content\/uploads\/sites\/4\/2018\/10\/logocjdb-1-1.png","datePublished":"2018-02-22T10:13:13+00:00","dateModified":"2018-10-18T17:50:01+00:00","description":"Para poder realizar todas las actividades, proyectos y campa\u00f1as en las entidades locales, desde el Centro Juvenil contamos con la ayuda y colaboraci\u00f3n. As\u00ed ayudamos a seguir manteniendo vivo el proyecto de oratorios de Don Bosco en la Comunidad Valenciana. \u2705 Sigue leyendo >>","breadcrumb":{"@id":"https:\/\/www.fededonbosco.org\/villena\/patrocinadores\/#breadcrumb"},"inLanguage":"es","potentialAction":[{"@type":"ReadAction","target":["https:\/\/www.fededonbosco.org\/villena\/patrocinadores\/"]}]},{"@type":"ImageObject","inLanguage":"es","@id":"https:\/\/www.fededonbosco.org\/villena\/patrocinadores\/#primaryimage","url":"https:\/\/www.fededonbosco.org\/villena\/wp-content\/uploads\/sites\/4\/2018\/10\/logocjdb-1-1.png","contentUrl":"https:\/\/www.fededonbosco.org\/villena\/wp-content\/uploads\/sites\/4\/2018\/10\/logocjdb-1-1.png","width":400,"height":308},{"@type":"BreadcrumbList","@id":"https:\/\/www.fededonbosco.org\/villena\/patrocinadores\/#breadcrumb","itemListElement":[{"@type":"ListItem","position":1,"name":"Portada","item":"https:\/\/www.fededonbosco.org\/villena\/"},{"@type":"ListItem","position":2,"name":"Patrocinadores"}]},{"@type":"WebSite","@id":"https:\/\/www.fededonbosco.org\/villena\/#website","url":"https:\/\/www.fededonbosco.org\/villena\/","name":"Centro Juvenil Don Bosco Villena","description":"Pagina oficial del Centro Juvenil Don Bosco","potentialAction":[{"@type":"SearchAction","target":{"@type":"EntryPoint","urlTemplate":"https:\/\/www.fededonbosco.org\/villena\/?s={search_term_string}"},"query-input":{"@type":"PropertyValueSpecification","valueRequired":true,"valueName":"search_term_string"}}],"inLanguage":"es"}]}},"_links":{"self":[{"href":"https:\/\/www.fededonbosco.org\/villena\/wp-json\/wp\/v2\/pages\/4931","targetHints":{"allow":["GET"]}}],"collection":[{"href":"https:\/\/www.fededonbosco.org\/villena\/wp-json\/wp\/v2\/pages"}],"about":[{"href":"https:\/\/www.fededonbosco.org\/villena\/wp-json\/wp\/v2\/types\/page"}],"author":[{"embeddable":true,"href":"https:\/\/www.fededonbosco.org\/villena\/wp-json\/wp\/v2\/users\/7"}],"replies":[{"embeddable":true,"href":"https:\/\/www.fededonbosco.org\/villena\/wp-json\/wp\/v2\/comments?post=4931"}],"version-history":[{"count":23,"href":"https:\/\/www.fededonbosco.org\/villena\/wp-json\/wp\/v2\/pages\/4931\/revisions"}],"predecessor-version":[{"id":6421,"href":"https:\/\/www.fededonbosco.org\/villena\/wp-json\/wp\/v2\/pages\/4931\/revisions\/6421"}],"wp:attachment":[{"href":"https:\/\/www.fededonbosco.org\/villena\/wp-json\/wp\/v2\/media?parent=4931"}],"curies":[{"name":"wp","href":"https:\/\/api.w.org\/{rel}","templated":true}]}}