{"id":5054,"date":"2018-02-23T13:57:55","date_gmt":"2018-02-23T12:57:55","guid":{"rendered":"http:\/\/www.fededonbosco.org\/villena\/?page_id=5054"},"modified":"2020-11-28T18:25:41","modified_gmt":"2020-11-28T17:25:41","slug":"presentacion","status":"publish","type":"page","link":"https:\/\/www.fededonbosco.org\/villena\/presentacion\/","title":{"rendered":"Presentaci\u00f3n"},"content":{"rendered":"<div id=\"fb-root\"><\/div>\n<p>[et_pb_section fb_built=\u00bb1&#8243; fullwidth=\u00bbon\u00bb _builder_version=\u00bb3.22&#8243;][et_pb_fullwidth_header title=\u00bb\u00bfQui\u00e9nes somos?\u00bb subhead=\u00bb\u00bfQu\u00e9 hacemos?\u00bb text_orientation=\u00bbright\u00bb title_font_color=\u00bb#ffffff\u00bb module_class=\u00bbpagina-imagen-cabecera\u00bb _builder_version=\u00bb3.16&#8243; title_font=\u00bbHandlee|600|||||||\u00bb title_font_size=\u00bb65px\u00bb title_line_height=\u00bb0.9em\u00bb content_font_size=\u00bb8px\u00bb subhead_font=\u00bbHandlee||||||||\u00bb subhead_text_align=\u00bbright\u00bb subhead_text_color=\u00bb#64197f\u00bb subhead_font_size=\u00bb35px\u00bb background_color=\u00bbrgba(255, 255, 255, 0)\u00bb background_image=\u00bbhttp:\/\/www.fededonbosco.org\/villena\/nuevavillena\/wp-content\/uploads\/sites\/4\/2018\/03\/web-fede-cabecera-escuela.jpg\u00bb background_layout=\u00bblight\u00bb max_width_tablet=\u00bb50px\u00bb child_filter_hue_rotate=\u00bb144deg\u00bb title_font_size_tablet=\u00bb\u00bb title_font_size_phone=\u00bb\u00bb title_font_size_last_edited=\u00bbon|desktop\u00bb subhead_font_size_tablet=\u00bb\u00bb subhead_font_size_phone=\u00bb\u00bb subhead_font_size_last_edited=\u00bbon|desktop\u00bb title_text_shadow_style=\u00bbpreset5&#8243; title_text_shadow_color=\u00bb#64197f\u00bb button_one_text_size__hover_enabled=\u00bboff\u00bb button_two_text_size__hover_enabled=\u00bboff\u00bb button_one_text_color__hover_enabled=\u00bboff\u00bb button_two_text_color__hover_enabled=\u00bboff\u00bb button_one_border_width__hover_enabled=\u00bboff\u00bb button_two_border_width__hover_enabled=\u00bboff\u00bb button_one_border_color__hover_enabled=\u00bboff\u00bb button_two_border_color__hover_enabled=\u00bboff\u00bb button_one_border_radius__hover_enabled=\u00bboff\u00bb button_two_border_radius__hover_enabled=\u00bboff\u00bb button_one_letter_spacing__hover_enabled=\u00bboff\u00bb button_two_letter_spacing__hover_enabled=\u00bboff\u00bb button_one_bg_color__hover_enabled=\u00bboff\u00bb button_two_bg_color__hover_enabled=\u00bboff\u00bb][\/et_pb_fullwidth_header][\/et_pb_section][et_pb_section fb_built=\u00bb1&#8243; _builder_version=\u00bb3.22&#8243; custom_padding=\u00bb0px|0px|54px|0px\u00bb][et_pb_row column_structure=\u00bb2_3,1_3&#8243; _builder_version=\u00bb3.25&#8243; background_size=\u00bbinitial\u00bb background_position=\u00bbtop_left\u00bb background_repeat=\u00bbrepeat\u00bb][et_pb_column type=\u00bb2_3&#8243; _builder_version=\u00bb3.25&#8243; custom_padding=\u00bb|||\u00bb custom_padding__hover=\u00bb|||\u00bb][et_pb_text _builder_version=\u00bb3.27.4&#8243; header_text_color=\u00bb#636a70&#8243; background_color=\u00bb#ffffff\u00bb]<\/p>\n<h2 style=\"text-align: justify\">\u00a0<strong><span style=\"color: #636a70\">Un inicio y un objetivo<\/span><\/strong><\/h2>\n<p>El\u00a0<strong>Centro Juvenil Don Bosco de Villena\u00a0<\/strong>es una asociaci\u00f3n de car\u00e1cter voluntario que pretende ofrecer un servicio cualificado de educaci\u00f3n en el tiempo libre, animaci\u00f3n juvenil y desarrollo socio-cultural a los ni\u00f1os\/as, adolescentes y j\u00f3venes de nuestro entorno, tal y como recoge la Propuesta Educativa de los Centros Juveniles Salesianos.<\/p>\n<p class=\"\" style=\"text-align: justify\">La asociaci\u00f3n\u00a0<strong>naci\u00f3 en el a\u00f1o 1972<\/strong>\u00a0y fue ser el primer oratorio constituido de forma oficial en toda la inspector\u00eda Salesiana San Jos\u00e9. As\u00ed, durantes estos m\u00e1s de 45 a\u00f1os, hemos intentado ofrecer,\u00a0<strong>siguiendo siempre los valores de Don Bosco<\/strong>, una ayuda y respuesta a las necesidades y problemas de asociacionismo, convivencia, tiempo libre e integraci\u00f3n social, cultural y educativa de los ni\u00f1os\/as, adolescentes y j\u00f3venes de nuestra ciudad.<\/p>\n<p>[\/et_pb_text][\/et_pb_column][et_pb_column type=\u00bb1_3&#8243; _builder_version=\u00bb3.25&#8243; custom_padding=\u00bb|||\u00bb custom_padding__hover=\u00bb|||\u00bb][et_pb_image src=\u00bbhttp:\/\/www.fededonbosco.org\/villena\/wp-content\/uploads\/sites\/4\/2018\/10\/LOGO-ANIVERSARIO.png\u00bb align_tablet=\u00bbcenter\u00bb align_phone=\u00bb\u00bb align_last_edited=\u00bbon|desktop\u00bb _builder_version=\u00bb3.23&#8243;][\/et_pb_image][\/et_pb_column][\/et_pb_row][et_pb_row _builder_version=\u00bb3.25&#8243; background_size=\u00bbinitial\u00bb background_position=\u00bbtop_left\u00bb background_repeat=\u00bbrepeat\u00bb][et_pb_column type=\u00bb4_4&#8243; _builder_version=\u00bb3.25&#8243; custom_padding=\u00bb|||\u00bb custom_padding__hover=\u00bb|||\u00bb][et_pb_testimonial url=\u00bbmailto:noexiste@salesianos.edu\u00bb portrait_url=\u00bbhttp:\/\/www.fededonbosco.org\/villena\/wp-content\/uploads\/sites\/4\/2018\/06\/logo-federacion-don-bosco.png\u00bb quote_icon=\u00bboff\u00bb _builder_version=\u00bb3.15&#8243; custom_margin=\u00bb|||\u00bb border_radii_portrait=\u00bbon|40px|40px|40px|40px\u00bb box_shadow_style_image=\u00bbpreset2&#8243;]<\/p>\n<h2 style=\"text-align: justify\"><span style=\"color: #64197f\">Formamos parte de algo m\u00e1s grande<\/span><\/h2>\n<p>El CJDB pertenece a la<strong>\u00a0Federaci\u00f3n de Centros Juveniles \u201cDon Bosco\u201d<\/strong>\u00a0de la Comunidad Valenciana, cooperando y trabajando en red con todos los centros juveniles de nuestra comunidad aut\u00f3noma, as\u00ed como a la Inspector\u00eda Salesiana M\u00aa Auxiliadora que re\u00fane a todas las presencias salesianas de Androra, Andaluc\u00eda, Arag\u00f3n, Canarias, Catalu\u00f1a, Extremadura, Baleares, Regi\u00f3n de Murcia y Comunidad Valenciana. Concretamente, nuestra presencia salesiana pertenece a la denominada \u201cZona Centro\u201d de la Inspector\u00eda y tanto nuestros monitores como nuestros destinatarios participan activamente en las actividades organizadas por la misma, compartiendo as\u00ed experiencias con ni\u00f1os y j\u00f3venes de diferentes lugares.<br \/>\n[\/et_pb_testimonial][\/et_pb_column][\/et_pb_row][\/et_pb_section][et_pb_section fb_built=\u00bb1&#8243; _builder_version=\u00bb3.22&#8243; background_color=\u00bb#64197f\u00bb custom_padding=\u00bb0px|0px|0px|0px\u00bb][et_pb_row column_structure=\u00bb1_3,1_3,1_3&#8243; _builder_version=\u00bb3.25&#8243; background_size=\u00bbinitial\u00bb background_position=\u00bbtop_left\u00bb background_repeat=\u00bbrepeat\u00bb custom_padding=\u00bb27px|0px|13px|0px\u00bb][et_pb_column type=\u00bb1_3&#8243; _builder_version=\u00bb3.25&#8243; custom_padding=\u00bb|||\u00bb custom_padding__hover=\u00bb|||\u00bb][et_pb_number_counter title=\u00bbDestinatarios\/as\u00bb number=\u00bb476&#8243; percent_sign=\u00bboff\u00bb _builder_version=\u00bb3.15&#8243; number_text_color=\u00bb#ffffff\u00bb background_layout=\u00bbdark\u00bb][\/et_pb_number_counter][\/et_pb_column][et_pb_column type=\u00bb1_3&#8243; _builder_version=\u00bb3.25&#8243; custom_padding=\u00bb|||\u00bb custom_padding__hover=\u00bb|||\u00bb][et_pb_number_counter title=\u00bbVoluntarios\/as\u00bb number=\u00bb66&#8243; percent_sign=\u00bboff\u00bb _builder_version=\u00bb4.0.6&#8243; number_text_color=\u00bb#ffffff\u00bb background_layout=\u00bbdark\u00bb][\/et_pb_number_counter][\/et_pb_column][et_pb_column type=\u00bb1_3&#8243; _builder_version=\u00bb3.25&#8243; custom_padding=\u00bb|||\u00bb custom_padding__hover=\u00bb|||\u00bb][et_pb_number_counter title=\u00bbSectores\u00bb number=\u00bb5&#8243; percent_sign=\u00bboff\u00bb _builder_version=\u00bb4.0.6&#8243; number_text_color=\u00bb#ffffff\u00bb background_layout=\u00bbdark\u00bb hover_enabled=\u00bb0&#8243;][\/et_pb_number_counter][\/et_pb_column][\/et_pb_row][\/et_pb_section][et_pb_section fb_built=\u00bb1&#8243; _builder_version=\u00bb3.22&#8243;][et_pb_row column_structure=\u00bb3_5,2_5&#8243; _builder_version=\u00bb3.25&#8243; background_size=\u00bbinitial\u00bb background_position=\u00bbtop_left\u00bb background_repeat=\u00bbrepeat\u00bb][et_pb_column type=\u00bb3_5&#8243; _builder_version=\u00bb3.25&#8243; custom_padding=\u00bb|||\u00bb custom_padding__hover=\u00bb|||\u00bb][et_pb_text _builder_version=\u00bb4.0.4&#8243;]<\/p>\n<h2 style=\"text-align: left\"><span style=\"color: #636a70\"><strong><img loading=\"lazy\" decoding=\"async\" class=\"alignnone wp-image-6169\" src=\"http:\/\/www.fededonbosco.org\/villena\/wp-content\/uploads\/sites\/4\/2018\/10\/Sin-t\u00edtulo-150x150.jpg\" alt=\"\" width=\"37\" height=\"37\" \/>Para este curso \u00abSomos 1, Somos vida\u00bb<\/strong><\/span><\/h2>\n<p>Para este curso, contamos con un total de m\u00e1s<strong>\u00a0622 socios<\/strong>\u00a0de todos los colegios e institutos de Villena, entre los que se encuentra un equipo de 50 animadores,que poseen titulaciones reconocidas por el IVAJ de Monitor de Tiempo Libre, Animador Juvenil o Formador de Formadores.<\/p>\n<p>Estos monitores trabajan y disfrutan con ni\u00f1os\/as y j\u00f3venes entre 9 y 17 a\u00f1os y, para ello, nos dividimos en tres sectores o programas de actuaci\u00f3n: Proyecto local para la calidad de vida infantil (Preju1 y Preju2), Proyecto local de educaci\u00f3n en valores para la integraci\u00f3n social de j\u00f3venes (JuB) y Proyecto local de formaci\u00f3n y promoci\u00f3n del voluntariado.<\/p>\n<p>[\/et_pb_text][\/et_pb_column][et_pb_column type=\u00bb2_5&#8243; _builder_version=\u00bb3.25&#8243; custom_padding=\u00bb|||\u00bb custom_padding__hover=\u00bb|||\u00bb][et_pb_image src=\u00bbhttp:\/\/www.fededonbosco.org\/villena\/wp-content\/uploads\/sites\/4\/2019\/10\/CARTEL-20-21.jpg\u00bb align_tablet=\u00bbcenter\u00bb align_phone=\u00bb\u00bb align_last_edited=\u00bbon|desktop\u00bb _builder_version=\u00bb4.0.6&#8243; hover_enabled=\u00bb0&#8243;][\/et_pb_image][\/et_pb_column][\/et_pb_row][et_pb_row _builder_version=\u00bb3.25&#8243; background_size=\u00bbinitial\u00bb background_position=\u00bbtop_left\u00bb background_repeat=\u00bbrepeat\u00bb custom_padding=\u00bb27px|0px|0px|0px\u00bb][et_pb_column type=\u00bb4_4&#8243; _builder_version=\u00bb3.25&#8243; custom_padding=\u00bb|||\u00bb custom_padding__hover=\u00bb|||\u00bb][et_pb_social_media_follow _builder_version=\u00bb3.15&#8243;][et_pb_social_media_follow_network social_network=\u00bbfacebook\u00bb url=\u00bbhttps:\/\/www.facebook.com\/cjdbvillena\/\u00bb _builder_version=\u00bb3.15&#8243; background_color=\u00bb#3b5998&#8243; follow_button=\u00bboff\u00bb url_new_window=\u00bbon\u00bb] facebook [\/et_pb_social_media_follow_network][et_pb_social_media_follow_network social_network=\u00bbinstagram\u00bb url=\u00bbhttps:\/\/www.instagram.com\/cjdbvillena\/\u00bb _builder_version=\u00bb3.15&#8243; background_color=\u00bb#e26ccf\u00bb follow_button=\u00bboff\u00bb url_new_window=\u00bbon\u00bb] instagram [\/et_pb_social_media_follow_network][et_pb_social_media_follow_network social_network=\u00bbtwitter\u00bb url=\u00bbhttps:\/\/twitter.com\/cjdb_villena?lang=es\u00bb _builder_version=\u00bb3.15&#8243; background_color=\u00bb#00aced\u00bb follow_button=\u00bboff\u00bb url_new_window=\u00bbon\u00bb] twitter [\/et_pb_social_media_follow_network][\/et_pb_social_media_follow][\/et_pb_column][\/et_pb_row][\/et_pb_section]<\/p>\n\n<div class=\"twitter-share\"><a href=\"https:\/\/twitter.com\/intent\/tweet?via=CJDB_Villena\" class=\"twitter-share-button\">Twittear<\/a><\/div>\n","protected":false},"excerpt":{"rendered":"<p>\u00a0Un inicio y un objetivo El\u00a0Centro Juvenil Don Bosco de Villena\u00a0es una asociaci\u00f3n de car\u00e1cter voluntario que pretende ofrecer un servicio cualificado de educaci\u00f3n en el tiempo libre, animaci\u00f3n juvenil y desarrollo socio-cultural a los ni\u00f1os\/as, adolescentes y j\u00f3venes de nuestro entorno, tal y como recoge la Propuesta Educativa de los Centros Juveniles Salesianos. La [&hellip;]<\/p>\n","protected":false},"author":7,"featured_media":0,"parent":0,"menu_order":0,"comment_status":"closed","ping_status":"closed","template":"","meta":{"_et_pb_use_builder":"on","_et_pb_old_content":"","_et_gb_content_width":"","footnotes":""},"class_list":["post-5054","page","type-page","status-publish","hentry"],"yoast_head":"<!-- This site is optimized with the Yoast SEO plugin v28.3 - https:\/\/yoast.com\/product\/yoast-seo-wordpress\/ -->\n<title>Presentaci\u00f3n - Centro Juvenil Don Bosco Villena<\/title>\n<meta name=\"description\" content=\"Desde hace 45 a\u00f1os apostamos por una educaci\u00f3n en valores teniendo como base los juegos y formaciones que ofrecemos s\u00e1bado tras s\u00e1bado.\" \/>\n<meta name=\"robots\" content=\"index, follow, max-snippet:-1, max-image-preview:large, max-video-preview:-1\" \/>\n<link rel=\"canonical\" href=\"https:\/\/www.fededonbosco.org\/villena\/presentacion\/\" \/>\n<meta property=\"og:locale\" content=\"es_ES\" \/>\n<meta property=\"og:type\" content=\"article\" \/>\n<meta property=\"og:title\" content=\"Presentaci\u00f3n - Centro Juvenil Don Bosco Villena\" \/>\n<meta property=\"og:description\" content=\"Desde hace 45 a\u00f1os apostamos por una educaci\u00f3n en valores teniendo como base los juegos y formaciones que ofrecemos s\u00e1bado tras s\u00e1bado.\" \/>\n<meta property=\"og:url\" content=\"https:\/\/www.fededonbosco.org\/villena\/presentacion\/\" \/>\n<meta property=\"og:site_name\" content=\"Centro Juvenil Don Bosco Villena\" \/>\n<meta property=\"article:modified_time\" content=\"2020-11-28T17:25:41+00:00\" \/>\n<meta property=\"og:image\" content=\"http:\/\/www.fededonbosco.org\/villena\/wp-content\/uploads\/sites\/4\/2018\/10\/Sin-t\u00edtulo-150x150.jpg\" \/>\n<meta name=\"twitter:card\" content=\"summary_large_image\" \/>\n<meta name=\"twitter:label1\" content=\"Tiempo de lectura\" \/>\n\t<meta name=\"twitter:data1\" content=\"6 minutos\" \/>\n<script type=\"application\/ld+json\" class=\"yoast-schema-graph\">{\"@context\":\"https:\\\/\\\/schema.org\",\"@graph\":[{\"@type\":\"WebPage\",\"@id\":\"https:\\\/\\\/www.fededonbosco.org\\\/villena\\\/presentacion\\\/\",\"url\":\"https:\\\/\\\/www.fededonbosco.org\\\/villena\\\/presentacion\\\/\",\"name\":\"Presentaci\u00f3n - Centro Juvenil Don Bosco Villena\",\"isPartOf\":{\"@id\":\"https:\\\/\\\/www.fededonbosco.org\\\/villena\\\/#website\"},\"datePublished\":\"2018-02-23T12:57:55+00:00\",\"dateModified\":\"2020-11-28T17:25:41+00:00\",\"description\":\"Desde hace 45 a\u00f1os apostamos por una educaci\u00f3n en valores teniendo como base los juegos y formaciones que ofrecemos s\u00e1bado tras s\u00e1bado.\",\"breadcrumb\":{\"@id\":\"https:\\\/\\\/www.fededonbosco.org\\\/villena\\\/presentacion\\\/#breadcrumb\"},\"inLanguage\":\"es\",\"potentialAction\":[{\"@type\":\"ReadAction\",\"target\":[\"https:\\\/\\\/www.fededonbosco.org\\\/villena\\\/presentacion\\\/\"]}]},{\"@type\":\"BreadcrumbList\",\"@id\":\"https:\\\/\\\/www.fededonbosco.org\\\/villena\\\/presentacion\\\/#breadcrumb\",\"itemListElement\":[{\"@type\":\"ListItem\",\"position\":1,\"name\":\"Portada\",\"item\":\"https:\\\/\\\/www.fededonbosco.org\\\/villena\\\/\"},{\"@type\":\"ListItem\",\"position\":2,\"name\":\"Presentaci\u00f3n\"}]},{\"@type\":\"WebSite\",\"@id\":\"https:\\\/\\\/www.fededonbosco.org\\\/villena\\\/#website\",\"url\":\"https:\\\/\\\/www.fededonbosco.org\\\/villena\\\/\",\"name\":\"Centro Juvenil Don Bosco Villena\",\"description\":\"Pagina oficial del Centro Juvenil Don Bosco\",\"potentialAction\":[{\"@type\":\"SearchAction\",\"target\":{\"@type\":\"EntryPoint\",\"urlTemplate\":\"https:\\\/\\\/www.fededonbosco.org\\\/villena\\\/?s={search_term_string}\"},\"query-input\":{\"@type\":\"PropertyValueSpecification\",\"valueRequired\":true,\"valueName\":\"search_term_string\"}}],\"inLanguage\":\"es\"}]}<\/script>\n<!-- \/ Yoast SEO plugin. -->","yoast_head_json":{"title":"Presentaci\u00f3n - Centro Juvenil Don Bosco Villena","description":"Desde hace 45 a\u00f1os apostamos por una educaci\u00f3n en valores teniendo como base los juegos y formaciones que ofrecemos s\u00e1bado tras s\u00e1bado.","robots":{"index":"index","follow":"follow","max-snippet":"max-snippet:-1","max-image-preview":"max-image-preview:large","max-video-preview":"max-video-preview:-1"},"canonical":"https:\/\/www.fededonbosco.org\/villena\/presentacion\/","og_locale":"es_ES","og_type":"article","og_title":"Presentaci\u00f3n - Centro Juvenil Don Bosco Villena","og_description":"Desde hace 45 a\u00f1os apostamos por una educaci\u00f3n en valores teniendo como base los juegos y formaciones que ofrecemos s\u00e1bado tras s\u00e1bado.","og_url":"https:\/\/www.fededonbosco.org\/villena\/presentacion\/","og_site_name":"Centro Juvenil Don Bosco Villena","article_modified_time":"2020-11-28T17:25:41+00:00","og_image":[{"url":"http:\/\/www.fededonbosco.org\/villena\/wp-content\/uploads\/sites\/4\/2018\/10\/Sin-t\u00edtulo-150x150.jpg","type":"","width":"","height":""}],"twitter_card":"summary_large_image","twitter_misc":{"Tiempo de lectura":"6 minutos"},"schema":{"@context":"https:\/\/schema.org","@graph":[{"@type":"WebPage","@id":"https:\/\/www.fededonbosco.org\/villena\/presentacion\/","url":"https:\/\/www.fededonbosco.org\/villena\/presentacion\/","name":"Presentaci\u00f3n - Centro Juvenil Don Bosco Villena","isPartOf":{"@id":"https:\/\/www.fededonbosco.org\/villena\/#website"},"datePublished":"2018-02-23T12:57:55+00:00","dateModified":"2020-11-28T17:25:41+00:00","description":"Desde hace 45 a\u00f1os apostamos por una educaci\u00f3n en valores teniendo como base los juegos y formaciones que ofrecemos s\u00e1bado tras s\u00e1bado.","breadcrumb":{"@id":"https:\/\/www.fededonbosco.org\/villena\/presentacion\/#breadcrumb"},"inLanguage":"es","potentialAction":[{"@type":"ReadAction","target":["https:\/\/www.fededonbosco.org\/villena\/presentacion\/"]}]},{"@type":"BreadcrumbList","@id":"https:\/\/www.fededonbosco.org\/villena\/presentacion\/#breadcrumb","itemListElement":[{"@type":"ListItem","position":1,"name":"Portada","item":"https:\/\/www.fededonbosco.org\/villena\/"},{"@type":"ListItem","position":2,"name":"Presentaci\u00f3n"}]},{"@type":"WebSite","@id":"https:\/\/www.fededonbosco.org\/villena\/#website","url":"https:\/\/www.fededonbosco.org\/villena\/","name":"Centro Juvenil Don Bosco Villena","description":"Pagina oficial del Centro Juvenil Don Bosco","potentialAction":[{"@type":"SearchAction","target":{"@type":"EntryPoint","urlTemplate":"https:\/\/www.fededonbosco.org\/villena\/?s={search_term_string}"},"query-input":{"@type":"PropertyValueSpecification","valueRequired":true,"valueName":"search_term_string"}}],"inLanguage":"es"}]}},"_links":{"self":[{"href":"https:\/\/www.fededonbosco.org\/villena\/wp-json\/wp\/v2\/pages\/5054","targetHints":{"allow":["GET"]}}],"collection":[{"href":"https:\/\/www.fededonbosco.org\/villena\/wp-json\/wp\/v2\/pages"}],"about":[{"href":"https:\/\/www.fededonbosco.org\/villena\/wp-json\/wp\/v2\/types\/page"}],"author":[{"embeddable":true,"href":"https:\/\/www.fededonbosco.org\/villena\/wp-json\/wp\/v2\/users\/7"}],"replies":[{"embeddable":true,"href":"https:\/\/www.fededonbosco.org\/villena\/wp-json\/wp\/v2\/comments?post=5054"}],"version-history":[{"count":44,"href":"https:\/\/www.fededonbosco.org\/villena\/wp-json\/wp\/v2\/pages\/5054\/revisions"}],"predecessor-version":[{"id":7224,"href":"https:\/\/www.fededonbosco.org\/villena\/wp-json\/wp\/v2\/pages\/5054\/revisions\/7224"}],"wp:attachment":[{"href":"https:\/\/www.fededonbosco.org\/villena\/wp-json\/wp\/v2\/media?parent=5054"}],"curies":[{"name":"wp","href":"https:\/\/api.w.org\/{rel}","templated":true}]}}