{"id":6403,"date":"2018-10-18T14:15:39","date_gmt":"2018-10-18T13:15:39","guid":{"rendered":"https:\/\/www.fededonbosco.org\/villena\/?page_id=6403"},"modified":"2018-11-08T11:30:02","modified_gmt":"2018-11-08T10:30:02","slug":"ju-b","status":"publish","type":"page","link":"https:\/\/www.fededonbosco.org\/villena\/ju-b\/","title":{"rendered":"Ju-B"},"content":{"rendered":"<div id=\"fb-root\"><\/div>\n<p>[et_pb_section fb_built=\u00bb1&#8243; inner_shadow=\u00bbon\u00bb fullwidth=\u00bbon\u00bb admin_label=\u00bbsection\u00bb _builder_version=\u00bb3.0.98&#8243; custom_padding=\u00bb0px|0px|0px|0px\u00bb][et_pb_fullwidth_header title=\u00bbJu-B\u00bb subhead=\u00bbCreciendo juntos\u00bb header_image_url=\u00bbhttp:\/\/www.fededonbosco.org\/villena\/wp-content\/uploads\/sites\/4\/2018\/10\/1266b2e5-af03-41be-8edf-81f177046266.jpg\u00bb _builder_version=\u00bb3.15&#8243; title_font=\u00bbLato|700|||||||\u00bb title_text_color=\u00bb#ffffff\u00bb title_font_size=\u00bb65px\u00bb title_font_size_phone=\u00bb50px\u00bb title_font_size_last_edited=\u00bbon|phone\u00bb title_text_shadow_style=\u00bbpreset2&#8243; title_text_shadow_color=\u00bb#64197f\u00bb content_font=\u00bbOpen Sans||||\u00bb subhead_font=\u00bbHandlee||||||||\u00bb subhead_text_color=\u00bb#64197f\u00bb subhead_font_size=\u00bb30px\u00bb subhead_font_size_phone=\u00bb25px\u00bb subhead_font_size_last_edited=\u00bbon|phone\u00bb background_color=\u00bbrgba(255,255,255,0)\u00bb background_image=\u00bbhttp:\/\/www.fededonbosco.org\/villena\/nuevavillena\/wp-content\/uploads\/sites\/4\/2018\/02\/web-fede-cabecera-centros-1.jpg\u00bb background_blend=\u00bbdarken\u00bb child_filter_opacity=\u00bb69%\u00bb][\/et_pb_fullwidth_header][\/et_pb_section][et_pb_section fb_built=\u00bb1&#8243; admin_label=\u00bbsection\u00bb _builder_version=\u00bb3.15&#8243; custom_padding=\u00bb0px|0px|0px|0px\u00bb][et_pb_row custom_padding=\u00bb0|0px|0|0px|false|false\u00bb _builder_version=\u00bb3.0.47&#8243; background_size=\u00bbinitial\u00bb background_position=\u00bbtop_left\u00bb background_repeat=\u00bbrepeat\u00bb][et_pb_column type=\u00bb1_2&#8243; _builder_version=\u00bb3.0.47&#8243; parallax=\u00bboff\u00bb parallax_method=\u00bbon\u00bb][et_pb_gallery gallery_ids=\u00bb6407,6408,6409,6410,6411,6412,6413&#8243; fullwidth=\u00bbon\u00bb _builder_version=\u00bb3.15&#8243; custom_margin=\u00bb98px|||\u00bb][\/et_pb_gallery][\/et_pb_column][et_pb_column type=\u00bb1_2&#8243; _builder_version=\u00bb3.0.47&#8243; parallax=\u00bboff\u00bb parallax_method=\u00bbon\u00bb][et_pb_text _builder_version=\u00bb3.15&#8243; text_font=\u00bb||||||||\u00bb custom_margin=\u00bb20px||10px|\u00bb ul_line_height=\u00bb1.3em\u00bb ul_font=\u00bb||||||||\u00bb]<\/p>\n<h2><img loading=\"lazy\" decoding=\"async\" class=\"wp-image-6182 alignnone size-full\" src=\"http:\/\/www.fededonbosco.org\/villena\/wp-content\/uploads\/sites\/4\/2018\/10\/logocjdb-1-1.png\" alt=\"\" width=\"34\" height=\"26\" srcset=\"https:\/\/www.fededonbosco.org\/villena\/wp-content\/uploads\/sites\/4\/2018\/10\/logocjdb-1-1.png 400w, https:\/\/www.fededonbosco.org\/villena\/wp-content\/uploads\/sites\/4\/2018\/10\/logocjdb-1-1-300x231.png 300w\" sizes=\"(max-width: 34px) 100vw, 34px\" \/> <strong><span style=\"color: #636a70\">Sector <span style=\"color: #e76801\">Ju-B<\/span><\/span><\/strong><\/h2>\n<p>El <strong>Proyecto local de eduacici\u00f3n en valores para la integraci\u00f3n social de j\u00f3venes<\/strong>, m\u00e1s conocido como <strong>JuB<\/strong>, es el sector destinado a los m\u00e1s mayores, los j\u00f3venes entre 13 y 17 a\u00f1os (<strong>2\u00baESO a 1\u00ba de Bach.<\/strong>). Actualmente, este sector cuenta con alrededor de 155 socios, los cuales pueden disfrutar cada fin de semana de diferentes momentos como:<\/p>\n<ul>\n<li><strong>Grupos de Tiempo Libre (GTL): <\/strong>Se trata de la base fundamental del sector Ju-B. Se basan en momentos formativos y de encuentro entre grupos de destinatarios de la misma edad que son dirigidos u orientados por uno o dos monitores. Durante este tiempo les ofreces un espacio y un tiempo para poder hablar y reflexionar sobre diversos temas que no se suele pensar en el d\u00eda a d\u00eda. Algunos de estos temas son preocupaciones propias de la edad de estos destinatarios. Estos momentos suelen tener lugar en la primera parte de la tarde del s\u00e1bado, entre las 18:30 y las 19:30h.<\/li>\n<li><strong>Actividades:\u00a0<\/strong>No todo es reflexionar, y nuestros chicos y chicas disfrutan de una gran variedad de actividades preparadas por sus animadores, todas ellas con un importante fundamento en los distintos valores. Entre estas actividades encontramos gymkanas, cenas tem\u00e1ticas, fiestas, excursiones, etc. Adem\u00e1s, a lo largo del curso se ofrece la oportunidad de asistir a acampadas como el Marchabosco o la Acampada ADS, en las que conviven con j\u00f3venes de otros centros juveniles de toda la inspector\u00eda(Comunidad Valenciana, Murcia, Albacete, Zaragoza&#8230;) .<\/li>\n<li><strong>Talleres:<\/strong>\u00a0A parte de los s\u00e1bados, los animadores preparan talleres para el disfrute de los j\u00f3venes, tales como el Musical juvenil, el Taller de Aire Libre, Taller Friki o el Taller de Coro.<\/li>\n<\/ul>\n<p>[\/et_pb_text][\/et_pb_column][\/et_pb_row][\/et_pb_section]<\/p>\n\n<div class=\"twitter-share\"><a href=\"https:\/\/twitter.com\/intent\/tweet?via=CJDB_Villena\" class=\"twitter-share-button\">Twittear<\/a><\/div>\n","protected":false},"excerpt":{"rendered":"<p>Sector Ju-B El Proyecto local de eduacici\u00f3n en valores para la integraci\u00f3n social de j\u00f3venes, m\u00e1s conocido como JuB, es el sector destinado a los m\u00e1s mayores, los j\u00f3venes entre 13 y 17 a\u00f1os (2\u00baESO a 1\u00ba de Bach.). Actualmente, este sector cuenta con alrededor de 155 socios, los cuales pueden disfrutar cada fin de [&hellip;]<\/p>\n","protected":false},"author":8,"featured_media":0,"parent":0,"menu_order":0,"comment_status":"closed","ping_status":"closed","template":"","meta":{"_et_pb_use_builder":"on","_et_pb_old_content":"","_et_gb_content_width":"","footnotes":""},"class_list":["post-6403","page","type-page","status-publish","hentry"],"yoast_head":"<!-- This site is optimized with the Yoast SEO plugin v28.3 - https:\/\/yoast.com\/product\/yoast-seo-wordpress\/ -->\n<title>Ju-B - Centro Juvenil Don Bosco Villena<\/title>\n<meta name=\"robots\" content=\"index, follow, max-snippet:-1, max-image-preview:large, max-video-preview:-1\" \/>\n<link rel=\"canonical\" href=\"https:\/\/www.fededonbosco.org\/villena\/ju-b\/\" \/>\n<meta property=\"og:locale\" content=\"es_ES\" \/>\n<meta property=\"og:type\" content=\"article\" \/>\n<meta property=\"og:title\" content=\"Ju-B - Centro Juvenil Don Bosco Villena\" \/>\n<meta property=\"og:description\" content=\"Sector Ju-B El Proyecto local de eduacici\u00f3n en valores para la integraci\u00f3n social de j\u00f3venes, m\u00e1s conocido como JuB, es el sector destinado a los m\u00e1s mayores, los j\u00f3venes entre 13 y 17 a\u00f1os (2\u00baESO a 1\u00ba de Bach.). Actualmente, este sector cuenta con alrededor de 155 socios, los cuales pueden disfrutar cada fin de [&hellip;]\" \/>\n<meta property=\"og:url\" content=\"https:\/\/www.fededonbosco.org\/villena\/ju-b\/\" \/>\n<meta property=\"og:site_name\" content=\"Centro Juvenil Don Bosco Villena\" \/>\n<meta property=\"article:modified_time\" content=\"2018-11-08T10:30:02+00:00\" \/>\n<meta property=\"og:image\" content=\"http:\/\/www.fededonbosco.org\/villena\/wp-content\/uploads\/sites\/4\/2018\/10\/logocjdb-1-1.png\" \/>\n<meta name=\"twitter:card\" content=\"summary_large_image\" \/>\n<meta name=\"twitter:label1\" content=\"Tiempo de lectura\" \/>\n\t<meta name=\"twitter:data1\" content=\"3 minutos\" \/>\n<script type=\"application\/ld+json\" class=\"yoast-schema-graph\">{\"@context\":\"https:\\\/\\\/schema.org\",\"@graph\":[{\"@type\":\"WebPage\",\"@id\":\"https:\\\/\\\/www.fededonbosco.org\\\/villena\\\/ju-b\\\/\",\"url\":\"https:\\\/\\\/www.fededonbosco.org\\\/villena\\\/ju-b\\\/\",\"name\":\"Ju-B - Centro Juvenil Don Bosco Villena\",\"isPartOf\":{\"@id\":\"https:\\\/\\\/www.fededonbosco.org\\\/villena\\\/#website\"},\"primaryImageOfPage\":{\"@id\":\"https:\\\/\\\/www.fededonbosco.org\\\/villena\\\/ju-b\\\/#primaryimage\"},\"image\":{\"@id\":\"https:\\\/\\\/www.fededonbosco.org\\\/villena\\\/ju-b\\\/#primaryimage\"},\"thumbnailUrl\":\"http:\\\/\\\/www.fededonbosco.org\\\/villena\\\/wp-content\\\/uploads\\\/sites\\\/4\\\/2018\\\/10\\\/logocjdb-1-1.png\",\"datePublished\":\"2018-10-18T13:15:39+00:00\",\"dateModified\":\"2018-11-08T10:30:02+00:00\",\"breadcrumb\":{\"@id\":\"https:\\\/\\\/www.fededonbosco.org\\\/villena\\\/ju-b\\\/#breadcrumb\"},\"inLanguage\":\"es\",\"potentialAction\":[{\"@type\":\"ReadAction\",\"target\":[\"https:\\\/\\\/www.fededonbosco.org\\\/villena\\\/ju-b\\\/\"]}]},{\"@type\":\"ImageObject\",\"inLanguage\":\"es\",\"@id\":\"https:\\\/\\\/www.fededonbosco.org\\\/villena\\\/ju-b\\\/#primaryimage\",\"url\":\"https:\\\/\\\/www.fededonbosco.org\\\/villena\\\/wp-content\\\/uploads\\\/sites\\\/4\\\/2018\\\/10\\\/logocjdb-1-1.png\",\"contentUrl\":\"https:\\\/\\\/www.fededonbosco.org\\\/villena\\\/wp-content\\\/uploads\\\/sites\\\/4\\\/2018\\\/10\\\/logocjdb-1-1.png\",\"width\":400,\"height\":308},{\"@type\":\"BreadcrumbList\",\"@id\":\"https:\\\/\\\/www.fededonbosco.org\\\/villena\\\/ju-b\\\/#breadcrumb\",\"itemListElement\":[{\"@type\":\"ListItem\",\"position\":1,\"name\":\"Portada\",\"item\":\"https:\\\/\\\/www.fededonbosco.org\\\/villena\\\/\"},{\"@type\":\"ListItem\",\"position\":2,\"name\":\"Ju-B\"}]},{\"@type\":\"WebSite\",\"@id\":\"https:\\\/\\\/www.fededonbosco.org\\\/villena\\\/#website\",\"url\":\"https:\\\/\\\/www.fededonbosco.org\\\/villena\\\/\",\"name\":\"Centro Juvenil Don Bosco Villena\",\"description\":\"Pagina oficial del Centro Juvenil Don Bosco\",\"potentialAction\":[{\"@type\":\"SearchAction\",\"target\":{\"@type\":\"EntryPoint\",\"urlTemplate\":\"https:\\\/\\\/www.fededonbosco.org\\\/villena\\\/?s={search_term_string}\"},\"query-input\":{\"@type\":\"PropertyValueSpecification\",\"valueRequired\":true,\"valueName\":\"search_term_string\"}}],\"inLanguage\":\"es\"}]}<\/script>\n<!-- \/ Yoast SEO plugin. -->","yoast_head_json":{"title":"Ju-B - Centro Juvenil Don Bosco Villena","robots":{"index":"index","follow":"follow","max-snippet":"max-snippet:-1","max-image-preview":"max-image-preview:large","max-video-preview":"max-video-preview:-1"},"canonical":"https:\/\/www.fededonbosco.org\/villena\/ju-b\/","og_locale":"es_ES","og_type":"article","og_title":"Ju-B - Centro Juvenil Don Bosco Villena","og_description":"Sector Ju-B El Proyecto local de eduacici\u00f3n en valores para la integraci\u00f3n social de j\u00f3venes, m\u00e1s conocido como JuB, es el sector destinado a los m\u00e1s mayores, los j\u00f3venes entre 13 y 17 a\u00f1os (2\u00baESO a 1\u00ba de Bach.). Actualmente, este sector cuenta con alrededor de 155 socios, los cuales pueden disfrutar cada fin de [&hellip;]","og_url":"https:\/\/www.fededonbosco.org\/villena\/ju-b\/","og_site_name":"Centro Juvenil Don Bosco Villena","article_modified_time":"2018-11-08T10:30:02+00:00","og_image":[{"url":"http:\/\/www.fededonbosco.org\/villena\/wp-content\/uploads\/sites\/4\/2018\/10\/logocjdb-1-1.png","type":"","width":"","height":""}],"twitter_card":"summary_large_image","twitter_misc":{"Tiempo de lectura":"3 minutos"},"schema":{"@context":"https:\/\/schema.org","@graph":[{"@type":"WebPage","@id":"https:\/\/www.fededonbosco.org\/villena\/ju-b\/","url":"https:\/\/www.fededonbosco.org\/villena\/ju-b\/","name":"Ju-B - Centro Juvenil Don Bosco Villena","isPartOf":{"@id":"https:\/\/www.fededonbosco.org\/villena\/#website"},"primaryImageOfPage":{"@id":"https:\/\/www.fededonbosco.org\/villena\/ju-b\/#primaryimage"},"image":{"@id":"https:\/\/www.fededonbosco.org\/villena\/ju-b\/#primaryimage"},"thumbnailUrl":"http:\/\/www.fededonbosco.org\/villena\/wp-content\/uploads\/sites\/4\/2018\/10\/logocjdb-1-1.png","datePublished":"2018-10-18T13:15:39+00:00","dateModified":"2018-11-08T10:30:02+00:00","breadcrumb":{"@id":"https:\/\/www.fededonbosco.org\/villena\/ju-b\/#breadcrumb"},"inLanguage":"es","potentialAction":[{"@type":"ReadAction","target":["https:\/\/www.fededonbosco.org\/villena\/ju-b\/"]}]},{"@type":"ImageObject","inLanguage":"es","@id":"https:\/\/www.fededonbosco.org\/villena\/ju-b\/#primaryimage","url":"https:\/\/www.fededonbosco.org\/villena\/wp-content\/uploads\/sites\/4\/2018\/10\/logocjdb-1-1.png","contentUrl":"https:\/\/www.fededonbosco.org\/villena\/wp-content\/uploads\/sites\/4\/2018\/10\/logocjdb-1-1.png","width":400,"height":308},{"@type":"BreadcrumbList","@id":"https:\/\/www.fededonbosco.org\/villena\/ju-b\/#breadcrumb","itemListElement":[{"@type":"ListItem","position":1,"name":"Portada","item":"https:\/\/www.fededonbosco.org\/villena\/"},{"@type":"ListItem","position":2,"name":"Ju-B"}]},{"@type":"WebSite","@id":"https:\/\/www.fededonbosco.org\/villena\/#website","url":"https:\/\/www.fededonbosco.org\/villena\/","name":"Centro Juvenil Don Bosco Villena","description":"Pagina oficial del Centro Juvenil Don Bosco","potentialAction":[{"@type":"SearchAction","target":{"@type":"EntryPoint","urlTemplate":"https:\/\/www.fededonbosco.org\/villena\/?s={search_term_string}"},"query-input":{"@type":"PropertyValueSpecification","valueRequired":true,"valueName":"search_term_string"}}],"inLanguage":"es"}]}},"_links":{"self":[{"href":"https:\/\/www.fededonbosco.org\/villena\/wp-json\/wp\/v2\/pages\/6403","targetHints":{"allow":["GET"]}}],"collection":[{"href":"https:\/\/www.fededonbosco.org\/villena\/wp-json\/wp\/v2\/pages"}],"about":[{"href":"https:\/\/www.fededonbosco.org\/villena\/wp-json\/wp\/v2\/types\/page"}],"author":[{"embeddable":true,"href":"https:\/\/www.fededonbosco.org\/villena\/wp-json\/wp\/v2\/users\/8"}],"replies":[{"embeddable":true,"href":"https:\/\/www.fededonbosco.org\/villena\/wp-json\/wp\/v2\/comments?post=6403"}],"version-history":[{"count":5,"href":"https:\/\/www.fededonbosco.org\/villena\/wp-json\/wp\/v2\/pages\/6403\/revisions"}],"predecessor-version":[{"id":6588,"href":"https:\/\/www.fededonbosco.org\/villena\/wp-json\/wp\/v2\/pages\/6403\/revisions\/6588"}],"wp:attachment":[{"href":"https:\/\/www.fededonbosco.org\/villena\/wp-json\/wp\/v2\/media?parent=6403"}],"curies":[{"name":"wp","href":"https:\/\/api.w.org\/{rel}","templated":true}]}}