{"id":6580,"date":"2018-11-08T11:27:18","date_gmt":"2018-11-08T10:27:18","guid":{"rendered":"https:\/\/www.fededonbosco.org\/villena\/?page_id=6580"},"modified":"2018-11-14T12:38:22","modified_gmt":"2018-11-14T11:38:22","slug":"ju-b-72","status":"publish","type":"page","link":"https:\/\/www.fededonbosco.org\/villena\/ju-b-72\/","title":{"rendered":"Ju-B 72"},"content":{"rendered":"<div id=\"fb-root\"><\/div>\n<p>[et_pb_section fb_built=\u00bb1&#8243; inner_shadow=\u00bbon\u00bb fullwidth=\u00bbon\u00bb admin_label=\u00bbsection\u00bb _builder_version=\u00bb3.0.98&#8243; custom_padding=\u00bb0px|0px|0px|0px\u00bb][et_pb_fullwidth_header title=\u00bbJu-B 72&#8243; subhead=\u00bbPrimero los \u00faltimos\u00bb header_image_url=\u00bbhttp:\/\/www.fededonbosco.org\/villena\/wp-content\/uploads\/sites\/4\/2018\/11\/d6f5b5ab-02bc-47ea-97e4-694fdf3d6b63.jpg\u00bb _builder_version=\u00bb3.15&#8243; title_font=\u00bbLato|700|||||||\u00bb title_text_color=\u00bb#ffffff\u00bb title_font_size=\u00bb65px\u00bb title_font_size_phone=\u00bb50px\u00bb title_font_size_last_edited=\u00bbon|phone\u00bb title_text_shadow_style=\u00bbpreset2&#8243; title_text_shadow_color=\u00bb#64197f\u00bb content_font=\u00bbOpen Sans||||\u00bb subhead_font=\u00bbHandlee||||||||\u00bb subhead_text_color=\u00bb#64197f\u00bb subhead_font_size=\u00bb30px\u00bb subhead_font_size_phone=\u00bb25px\u00bb subhead_font_size_last_edited=\u00bbon|phone\u00bb background_color=\u00bbrgba(255,255,255,0)\u00bb background_image=\u00bbhttp:\/\/www.fededonbosco.org\/villena\/nuevavillena\/wp-content\/uploads\/sites\/4\/2018\/02\/web-fede-cabecera-centros-1.jpg\u00bb background_blend=\u00bbdarken\u00bb child_filter_opacity=\u00bb69%\u00bb][\/et_pb_fullwidth_header][\/et_pb_section][et_pb_section fb_built=\u00bb1&#8243; admin_label=\u00bbsection\u00bb _builder_version=\u00bb3.15&#8243; custom_padding=\u00bb0px|0px|0px|0px\u00bb][et_pb_row custom_padding=\u00bb0|0px|0|0px|false|false\u00bb _builder_version=\u00bb3.0.47&#8243; background_size=\u00bbinitial\u00bb background_position=\u00bbtop_left\u00bb background_repeat=\u00bbrepeat\u00bb][et_pb_column type=\u00bb1_2&#8243; _builder_version=\u00bb3.0.47&#8243; parallax=\u00bboff\u00bb parallax_method=\u00bbon\u00bb][et_pb_gallery gallery_ids=\u00bb6583&#8243; fullwidth=\u00bbon\u00bb _builder_version=\u00bb3.15&#8243; custom_margin=\u00bb98px|||\u00bb][\/et_pb_gallery][\/et_pb_column][et_pb_column type=\u00bb1_2&#8243; _builder_version=\u00bb3.0.47&#8243; parallax=\u00bboff\u00bb parallax_method=\u00bbon\u00bb][et_pb_text _builder_version=\u00bb3.15&#8243; text_font=\u00bb||||||||\u00bb ul_font=\u00bb||||||||\u00bb ul_line_height=\u00bb1.3em\u00bb custom_margin=\u00bb20px||10px|\u00bb]<\/p>\n<h2><img loading=\"lazy\" decoding=\"async\" class=\"wp-image-6182 alignnone size-full\" src=\"http:\/\/www.fededonbosco.org\/villena\/wp-content\/uploads\/sites\/4\/2018\/10\/logocjdb-1-1.png\" alt=\"\" width=\"34\" height=\"26\" srcset=\"https:\/\/www.fededonbosco.org\/villena\/wp-content\/uploads\/sites\/4\/2018\/10\/logocjdb-1-1.png 400w, https:\/\/www.fededonbosco.org\/villena\/wp-content\/uploads\/sites\/4\/2018\/10\/logocjdb-1-1-300x231.png 300w\" sizes=\"(max-width: 34px) 100vw, 34px\" \/> <strong><span style=\"color: #636a70\">Sector <span style=\"color: #c20466\">Ju-B 72<\/span><\/span><\/strong><\/h2>\n<p><strong>El sector Jub 72, <\/strong>que actualmente cuenta con<strong> 22 destinatarios,<\/strong> se trata de un sector destinado a los j\u00f3venes <strong>mayores de 17 a\u00f1os<\/strong> que tiene como objetivo ofrecer un espacio en el que \u00e9stos puedan desarrollar habilidades y destrezas como el <strong>trabajo en equipo, la empat\u00eda, la responsabilidad, etc<\/strong>.<br \/> Todo esto se pretende lograr mediante la realizaci\u00f3n en grupo de <strong>tres proyectos<\/strong>, atendiendo a todas sus fases (preparaci\u00f3n, puesta en pr\u00e1ctica y evaluaci\u00f3n). Estos proyectos son:\u00a0<\/p>\n<ul>\n<li><strong>Un proyecto destinado al Centro Juvenil<\/strong>: este proyecto consiste en realizar una actividad para los ni\u00f1os y ni\u00f1as de nuestro centro.<\/li>\n<li><strong>Un proyecto social:<\/strong> se trata de un proyecto cuyo objetivo es concienciar de las necesidades existentes en nuestra ciudad as\u00ed como iniciar a los miembros de este sector en la participaci\u00f3n de proyectos colectivos con el fin de dar respuesta a estas demandas sociales.<\/li>\n<li><strong>Un proyecto cuyos beneficiarios sean ellos mismos<\/strong>: finalmente, \u00e9ste es uno de los proyectos m\u00e1s abiertos de nuestro sector, el cual consiste en la gesti\u00f3n, preparaci\u00f3n y realizaci\u00f3n de una actividad destinada a ellos mismos.<\/li>\n<\/ul>\n<p>A parte de esto, se realizar\u00e1n diferentes din\u00e1micas y momentos formativos destinados a dar respuesta a las necesidades y demandas que \u00e9ste grupo de destinatarios y destinatarias requieran.<\/p>\n<p>Finalmente, es importante se\u00f1alar que los miembros de Jub-72 podr\u00e1 <strong>asistir a encuentros formativos<\/strong> junto con el resto de voluntarios del CJDB, as\u00ed como <strong>participar en alguno de los talleres del sector Ju-B:<\/strong> aire libre, coro, taller friki, etc.<br \/> Como se puede ver se trata de un a\u00f1o intenso pero <strong>cargado de ilusi\u00f3n, emoci\u00f3n y aprendizaje.<\/strong><\/p>\n<p>[\/et_pb_text][\/et_pb_column][\/et_pb_row][\/et_pb_section]<\/p>\n\n<div class=\"twitter-share\"><a href=\"https:\/\/twitter.com\/intent\/tweet?via=CJDB_Villena\" class=\"twitter-share-button\">Twittear<\/a><\/div>\n","protected":false},"excerpt":{"rendered":"<p>Sector Ju-B 72 El sector Jub 72, que actualmente cuenta con 22 destinatarios, se trata de un sector destinado a los j\u00f3venes mayores de 17 a\u00f1os que tiene como objetivo ofrecer un espacio en el que \u00e9stos puedan desarrollar habilidades y destrezas como el trabajo en equipo, la empat\u00eda, la responsabilidad, etc. Todo esto se [&hellip;]<\/p>\n","protected":false},"author":8,"featured_media":0,"parent":0,"menu_order":0,"comment_status":"closed","ping_status":"closed","template":"","meta":{"_et_pb_use_builder":"on","_et_pb_old_content":"","_et_gb_content_width":"","footnotes":""},"class_list":["post-6580","page","type-page","status-publish","hentry"],"yoast_head":"<!-- This site is optimized with the Yoast SEO plugin v28.3 - https:\/\/yoast.com\/product\/yoast-seo-wordpress\/ -->\n<title>Ju-B 72 - Centro Juvenil Don Bosco Villena<\/title>\n<meta name=\"robots\" content=\"index, follow, max-snippet:-1, max-image-preview:large, max-video-preview:-1\" \/>\n<link rel=\"canonical\" href=\"https:\/\/www.fededonbosco.org\/villena\/ju-b-72\/\" \/>\n<meta property=\"og:locale\" content=\"es_ES\" \/>\n<meta property=\"og:type\" content=\"article\" \/>\n<meta property=\"og:title\" content=\"Ju-B 72 - Centro Juvenil Don Bosco Villena\" \/>\n<meta property=\"og:description\" content=\"Sector Ju-B 72 El sector Jub 72, que actualmente cuenta con 22 destinatarios, se trata de un sector destinado a los j\u00f3venes mayores de 17 a\u00f1os que tiene como objetivo ofrecer un espacio en el que \u00e9stos puedan desarrollar habilidades y destrezas como el trabajo en equipo, la empat\u00eda, la responsabilidad, etc. Todo esto se [&hellip;]\" \/>\n<meta property=\"og:url\" content=\"https:\/\/www.fededonbosco.org\/villena\/ju-b-72\/\" \/>\n<meta property=\"og:site_name\" content=\"Centro Juvenil Don Bosco Villena\" \/>\n<meta property=\"article:modified_time\" content=\"2018-11-14T11:38:22+00:00\" \/>\n<meta property=\"og:image\" content=\"http:\/\/www.fededonbosco.org\/villena\/wp-content\/uploads\/sites\/4\/2018\/10\/logocjdb-1-1.png\" \/>\n<meta name=\"twitter:card\" content=\"summary_large_image\" \/>\n<meta name=\"twitter:label1\" content=\"Tiempo de lectura\" \/>\n\t<meta name=\"twitter:data1\" content=\"3 minutos\" \/>\n<script type=\"application\/ld+json\" class=\"yoast-schema-graph\">{\"@context\":\"https:\\\/\\\/schema.org\",\"@graph\":[{\"@type\":\"WebPage\",\"@id\":\"https:\\\/\\\/www.fededonbosco.org\\\/villena\\\/ju-b-72\\\/\",\"url\":\"https:\\\/\\\/www.fededonbosco.org\\\/villena\\\/ju-b-72\\\/\",\"name\":\"Ju-B 72 - Centro Juvenil Don Bosco Villena\",\"isPartOf\":{\"@id\":\"https:\\\/\\\/www.fededonbosco.org\\\/villena\\\/#website\"},\"primaryImageOfPage\":{\"@id\":\"https:\\\/\\\/www.fededonbosco.org\\\/villena\\\/ju-b-72\\\/#primaryimage\"},\"image\":{\"@id\":\"https:\\\/\\\/www.fededonbosco.org\\\/villena\\\/ju-b-72\\\/#primaryimage\"},\"thumbnailUrl\":\"http:\\\/\\\/www.fededonbosco.org\\\/villena\\\/wp-content\\\/uploads\\\/sites\\\/4\\\/2018\\\/10\\\/logocjdb-1-1.png\",\"datePublished\":\"2018-11-08T10:27:18+00:00\",\"dateModified\":\"2018-11-14T11:38:22+00:00\",\"breadcrumb\":{\"@id\":\"https:\\\/\\\/www.fededonbosco.org\\\/villena\\\/ju-b-72\\\/#breadcrumb\"},\"inLanguage\":\"es\",\"potentialAction\":[{\"@type\":\"ReadAction\",\"target\":[\"https:\\\/\\\/www.fededonbosco.org\\\/villena\\\/ju-b-72\\\/\"]}]},{\"@type\":\"ImageObject\",\"inLanguage\":\"es\",\"@id\":\"https:\\\/\\\/www.fededonbosco.org\\\/villena\\\/ju-b-72\\\/#primaryimage\",\"url\":\"https:\\\/\\\/www.fededonbosco.org\\\/villena\\\/wp-content\\\/uploads\\\/sites\\\/4\\\/2018\\\/10\\\/logocjdb-1-1.png\",\"contentUrl\":\"https:\\\/\\\/www.fededonbosco.org\\\/villena\\\/wp-content\\\/uploads\\\/sites\\\/4\\\/2018\\\/10\\\/logocjdb-1-1.png\",\"width\":400,\"height\":308},{\"@type\":\"BreadcrumbList\",\"@id\":\"https:\\\/\\\/www.fededonbosco.org\\\/villena\\\/ju-b-72\\\/#breadcrumb\",\"itemListElement\":[{\"@type\":\"ListItem\",\"position\":1,\"name\":\"Portada\",\"item\":\"https:\\\/\\\/www.fededonbosco.org\\\/villena\\\/\"},{\"@type\":\"ListItem\",\"position\":2,\"name\":\"Ju-B 72\"}]},{\"@type\":\"WebSite\",\"@id\":\"https:\\\/\\\/www.fededonbosco.org\\\/villena\\\/#website\",\"url\":\"https:\\\/\\\/www.fededonbosco.org\\\/villena\\\/\",\"name\":\"Centro Juvenil Don Bosco Villena\",\"description\":\"Pagina oficial del Centro Juvenil Don Bosco\",\"potentialAction\":[{\"@type\":\"SearchAction\",\"target\":{\"@type\":\"EntryPoint\",\"urlTemplate\":\"https:\\\/\\\/www.fededonbosco.org\\\/villena\\\/?s={search_term_string}\"},\"query-input\":{\"@type\":\"PropertyValueSpecification\",\"valueRequired\":true,\"valueName\":\"search_term_string\"}}],\"inLanguage\":\"es\"}]}<\/script>\n<!-- \/ Yoast SEO plugin. -->","yoast_head_json":{"title":"Ju-B 72 - Centro Juvenil Don Bosco Villena","robots":{"index":"index","follow":"follow","max-snippet":"max-snippet:-1","max-image-preview":"max-image-preview:large","max-video-preview":"max-video-preview:-1"},"canonical":"https:\/\/www.fededonbosco.org\/villena\/ju-b-72\/","og_locale":"es_ES","og_type":"article","og_title":"Ju-B 72 - Centro Juvenil Don Bosco Villena","og_description":"Sector Ju-B 72 El sector Jub 72, que actualmente cuenta con 22 destinatarios, se trata de un sector destinado a los j\u00f3venes mayores de 17 a\u00f1os que tiene como objetivo ofrecer un espacio en el que \u00e9stos puedan desarrollar habilidades y destrezas como el trabajo en equipo, la empat\u00eda, la responsabilidad, etc. Todo esto se [&hellip;]","og_url":"https:\/\/www.fededonbosco.org\/villena\/ju-b-72\/","og_site_name":"Centro Juvenil Don Bosco Villena","article_modified_time":"2018-11-14T11:38:22+00:00","og_image":[{"url":"http:\/\/www.fededonbosco.org\/villena\/wp-content\/uploads\/sites\/4\/2018\/10\/logocjdb-1-1.png","type":"","width":"","height":""}],"twitter_card":"summary_large_image","twitter_misc":{"Tiempo de lectura":"3 minutos"},"schema":{"@context":"https:\/\/schema.org","@graph":[{"@type":"WebPage","@id":"https:\/\/www.fededonbosco.org\/villena\/ju-b-72\/","url":"https:\/\/www.fededonbosco.org\/villena\/ju-b-72\/","name":"Ju-B 72 - Centro Juvenil Don Bosco Villena","isPartOf":{"@id":"https:\/\/www.fededonbosco.org\/villena\/#website"},"primaryImageOfPage":{"@id":"https:\/\/www.fededonbosco.org\/villena\/ju-b-72\/#primaryimage"},"image":{"@id":"https:\/\/www.fededonbosco.org\/villena\/ju-b-72\/#primaryimage"},"thumbnailUrl":"http:\/\/www.fededonbosco.org\/villena\/wp-content\/uploads\/sites\/4\/2018\/10\/logocjdb-1-1.png","datePublished":"2018-11-08T10:27:18+00:00","dateModified":"2018-11-14T11:38:22+00:00","breadcrumb":{"@id":"https:\/\/www.fededonbosco.org\/villena\/ju-b-72\/#breadcrumb"},"inLanguage":"es","potentialAction":[{"@type":"ReadAction","target":["https:\/\/www.fededonbosco.org\/villena\/ju-b-72\/"]}]},{"@type":"ImageObject","inLanguage":"es","@id":"https:\/\/www.fededonbosco.org\/villena\/ju-b-72\/#primaryimage","url":"https:\/\/www.fededonbosco.org\/villena\/wp-content\/uploads\/sites\/4\/2018\/10\/logocjdb-1-1.png","contentUrl":"https:\/\/www.fededonbosco.org\/villena\/wp-content\/uploads\/sites\/4\/2018\/10\/logocjdb-1-1.png","width":400,"height":308},{"@type":"BreadcrumbList","@id":"https:\/\/www.fededonbosco.org\/villena\/ju-b-72\/#breadcrumb","itemListElement":[{"@type":"ListItem","position":1,"name":"Portada","item":"https:\/\/www.fededonbosco.org\/villena\/"},{"@type":"ListItem","position":2,"name":"Ju-B 72"}]},{"@type":"WebSite","@id":"https:\/\/www.fededonbosco.org\/villena\/#website","url":"https:\/\/www.fededonbosco.org\/villena\/","name":"Centro Juvenil Don Bosco Villena","description":"Pagina oficial del Centro Juvenil Don Bosco","potentialAction":[{"@type":"SearchAction","target":{"@type":"EntryPoint","urlTemplate":"https:\/\/www.fededonbosco.org\/villena\/?s={search_term_string}"},"query-input":{"@type":"PropertyValueSpecification","valueRequired":true,"valueName":"search_term_string"}}],"inLanguage":"es"}]}},"_links":{"self":[{"href":"https:\/\/www.fededonbosco.org\/villena\/wp-json\/wp\/v2\/pages\/6580","targetHints":{"allow":["GET"]}}],"collection":[{"href":"https:\/\/www.fededonbosco.org\/villena\/wp-json\/wp\/v2\/pages"}],"about":[{"href":"https:\/\/www.fededonbosco.org\/villena\/wp-json\/wp\/v2\/types\/page"}],"author":[{"embeddable":true,"href":"https:\/\/www.fededonbosco.org\/villena\/wp-json\/wp\/v2\/users\/8"}],"replies":[{"embeddable":true,"href":"https:\/\/www.fededonbosco.org\/villena\/wp-json\/wp\/v2\/comments?post=6580"}],"version-history":[{"count":4,"href":"https:\/\/www.fededonbosco.org\/villena\/wp-json\/wp\/v2\/pages\/6580\/revisions"}],"predecessor-version":[{"id":6610,"href":"https:\/\/www.fededonbosco.org\/villena\/wp-json\/wp\/v2\/pages\/6580\/revisions\/6610"}],"wp:attachment":[{"href":"https:\/\/www.fededonbosco.org\/villena\/wp-json\/wp\/v2\/media?parent=6580"}],"curies":[{"name":"wp","href":"https:\/\/api.w.org\/{rel}","templated":true}]}}